{"id":8249,"date":"2026-03-05T14:26:57","date_gmt":"2026-03-05T14:26:57","guid":{"rendered":"https:\/\/so-anwaelte.de\/?page_id=8249"},"modified":"2026-03-05T14:26:59","modified_gmt":"2026-03-05T14:26:59","slug":"kuendigungsschutz-achim","status":"publish","type":"page","link":"https:\/\/so-anwaelte.de\/fa\/arbeitsrecht\/kuendigungsschutz-achim\/","title":{"rendered":"Arbeitsrecht f\u00fcr Achim: K\u00fcndigung, Aufhebungsvertrag und Ihre n\u00e4chsten Schritte"},"content":{"rendered":"<style>.entry-title,.page .entry-title{display:none!important;}<\/style>\n\t\t<div data-elementor-type=\"page\" data-elementor-id=\"7746\" class=\"elementor elementor-7746\" data-elementor-post-type=\"elementor_library\">\n\t\t\t\t<div class=\"elementor-element elementor-element-645b9701 e-flex e-con-boxed wpr-particle-no wpr-jarallax-no wpr-parallax-no wpr-sticky-section-no e-con e-parent\" data-id=\"645b9701\" data-element_type=\"container\" data-e-type=\"container\" data-settings=\"{&quot;background_background&quot;:&quot;classic&quot;}\">\n\t\t\t\t\t<div class=\"e-con-inner\">\n\t\t<div class=\"elementor-element elementor-element-3cb91851 e-con-full e-flex wpr-particle-no wpr-jarallax-no wpr-parallax-no wpr-sticky-section-no e-con e-child\" data-id=\"3cb91851\" data-element_type=\"container\" data-e-type=\"container\" data-settings=\"{&quot;background_background&quot;:&quot;classic&quot;}\">\n\t\t\t\t<div class=\"elementor-element elementor-element-f998e48 elementor-widget elementor-widget-template\" data-id=\"f998e48\" data-element_type=\"widget\" data-e-type=\"widget\" data-widget_type=\"template.default\">\n\t\t\t\t<div class=\"elementor-widget-container\">\n\t\t\t\t\t\t\t<div class=\"elementor-template\">\n\t\t\t\t\t<div data-elementor-type=\"container\" data-elementor-id=\"8096\" class=\"elementor elementor-8096\" data-elementor-post-type=\"elementor_library\">\n\t\t\t\t<div class=\"elementor-element elementor-element-788aa10 e-con-full e-flex wpr-particle-no wpr-jarallax-no wpr-parallax-no wpr-sticky-section-no e-con e-child\" data-id=\"788aa10\" data-element_type=\"container\" data-e-type=\"container\">\n\t\t\t\t<div class=\"elementor-element elementor-element-7a6d6e8 elementor-align-center elementor-invisible elementor-widget elementor-widget-button\" data-id=\"7a6d6e8\" data-element_type=\"widget\" data-e-type=\"widget\" data-settings=\"{&quot;_animation&quot;:&quot;fadeInUp&quot;}\" data-widget_type=\"button.default\">\n\t\t\t\t<div class=\"elementor-widget-container\">\n\t\t\t\t\t\t\t\t\t<div class=\"elementor-button-wrapper\">\n\t\t\t\t\t<a class=\"elementor-button elementor-button-link elementor-size-sm\" href=\"https:\/\/form.advobox.com\/steveker-odebrecht\/kontaktanfrage\/\" target=\"_blank\">\n\t\t\t\t\t\t<span class=\"elementor-button-content-wrapper\">\n\t\t\t\t\t\t\t\t\t<span class=\"elementor-button-text\">Kontaktieren Sie uns!<\/span>\n\t\t\t\t\t<\/span>\n\t\t\t\t\t<\/a>\n\t\t\t\t<\/div>\n\t\t\t\t\t\t\t\t<\/div>\n\t\t\t\t<\/div>\n\t\t<div class=\"elementor-element elementor-element-68ef33f e-con-full e-flex wpr-particle-no wpr-jarallax-no wpr-parallax-no wpr-sticky-section-no e-con e-child\" data-id=\"68ef33f\" data-element_type=\"container\" data-e-type=\"container\">\n\t\t\t\t<div class=\"elementor-element elementor-element-ac5a0db elementor-view-default elementor-widget elementor-widget-icon\" data-id=\"ac5a0db\" data-element_type=\"widget\" data-e-type=\"widget\" data-widget_type=\"icon.default\">\n\t\t\t\t<div class=\"elementor-widget-container\">\n\t\t\t\t\t\t\t<div class=\"elementor-icon-wrapper\">\n\t\t\t<div class=\"elementor-icon\">\n\t\t\t<svg aria-hidden=\"true\" class=\"e-font-icon-svg e-fas-phone-alt\" viewBox=\"0 0 512 512\" xmlns=\"http:\/\/www.w3.org\/2000\/svg\"><path d=\"M497.39 361.8l-112-48a24 24 0 0 0-28 6.9l-49.6 60.6A370.66 370.66 0 0 1 130.6 204.11l60.6-49.6a23.94 23.94 0 0 0 6.9-28l-48-112A24.16 24.16 0 0 0 122.6.61l-104 24A24 24 0 0 0 0 48c0 256.5 207.9 464 464 464a24 24 0 0 0 23.4-18.6l24-104a24.29 24.29 0 0 0-14.01-27.6z\"><\/path><\/svg>\t\t\t<\/div>\n\t\t<\/div>\n\t\t\t\t\t\t<\/div>\n\t\t\t\t<\/div>\n\t\t\t\t<\/div>\n\t\t\t\t<\/div>\n\t\t\t\t<\/div>\n\t\t\t\t<\/div>\n\t\t\t\t\t\t<\/div>\n\t\t\t\t<\/div>\n\t\t\t\t<div class=\"elementor-element elementor-element-b3a2c7e elementor-widget elementor-widget-template\" data-id=\"b3a2c7e\" data-element_type=\"widget\" data-e-type=\"widget\" data-widget_type=\"template.default\">\n\t\t\t\t<div class=\"elementor-widget-container\">\n\t\t\t\t\t\t\t<div class=\"elementor-template\">\n\t\t\t\t\t<div data-elementor-type=\"container\" data-elementor-id=\"8072\" class=\"elementor elementor-8072\" data-elementor-post-type=\"elementor_library\">\n\t\t\t\t<div class=\"elementor-element elementor-element-28f3ec6 e-con-full e-flex wpr-particle-no wpr-jarallax-no wpr-parallax-no wpr-sticky-section-no e-con e-child\" data-id=\"28f3ec6\" data-element_type=\"container\" data-e-type=\"container\">\n\t\t<div class=\"elementor-element elementor-element-ec8cfc3 e-con-full e-flex wpr-particle-no wpr-jarallax-no wpr-parallax-no wpr-sticky-section-no e-con e-child\" data-id=\"ec8cfc3\" data-element_type=\"container\" data-e-type=\"container\">\n\t\t\t\t<div class=\"elementor-element elementor-element-7c94f2a elementor-widget elementor-widget-image\" data-id=\"7c94f2a\" data-element_type=\"widget\" data-e-type=\"widget\" data-widget_type=\"image.default\">\n\t\t\t\t<div class=\"elementor-widget-container\">\n\t\t\t\t\t\t\t\t\t\t\t\t\t\t\t<img fetchpriority=\"high\" decoding=\"async\" width=\"405\" height=\"600\" src=\"https:\/\/so-anwaelte.de\/wp-content\/uploads\/2025\/06\/ra_stev_89482_A_professional_photograph_of_a_lawyer_with_shor_abfe35bf-f294-441b-ba8c-4cc274a4893e_3-405x600.png\" class=\"attachment-tenweb_optimizer_mobile size-tenweb_optimizer_mobile wp-image-3425\" alt=\"\" srcset=\"https:\/\/so-anwaelte.de\/wp-content\/uploads\/2025\/06\/ra_stev_89482_A_professional_photograph_of_a_lawyer_with_shor_abfe35bf-f294-441b-ba8c-4cc274a4893e_3-405x600.png 405w, https:\/\/so-anwaelte.de\/wp-content\/uploads\/2025\/06\/ra_stev_89482_A_professional_photograph_of_a_lawyer_with_shor_abfe35bf-f294-441b-ba8c-4cc274a4893e_3-202x300.png 202w, https:\/\/so-anwaelte.de\/wp-content\/uploads\/2025\/06\/ra_stev_89482_A_professional_photograph_of_a_lawyer_with_shor_abfe35bf-f294-441b-ba8c-4cc274a4893e_3-691x1024.png 691w, https:\/\/so-anwaelte.de\/wp-content\/uploads\/2025\/06\/ra_stev_89482_A_professional_photograph_of_a_lawyer_with_shor_abfe35bf-f294-441b-ba8c-4cc274a4893e_3-768x1138.png 768w, https:\/\/so-anwaelte.de\/wp-content\/uploads\/2025\/06\/ra_stev_89482_A_professional_photograph_of_a_lawyer_with_shor_abfe35bf-f294-441b-ba8c-4cc274a4893e_3.png 896w\" sizes=\"(max-width: 405px) 100vw, 405px\" \/>\t\t\t\t\t\t\t\t\t\t\t\t\t\t\t<\/div>\n\t\t\t\t<\/div>\n\t\t\t\t<div class=\"elementor-element elementor-element-6d1d80c elementor-widget elementor-widget-text-editor\" data-id=\"6d1d80c\" data-element_type=\"widget\" data-e-type=\"widget\" data-widget_type=\"text-editor.default\">\n\t\t\t\t<div class=\"elementor-widget-container\">\n\t\t\t\t\t\t\t\t\t<p>Bj\u00f6rn Steveker<br \/>Fachanwalt f\u00fcr Arbeitsrecht<\/p>\t\t\t\t\t\t\t\t<\/div>\n\t\t\t\t<\/div>\n\t\t\t\t<div class=\"elementor-element elementor-element-c8270b3 elementor-widget elementor-widget-image\" data-id=\"c8270b3\" data-element_type=\"widget\" data-e-type=\"widget\" data-widget_type=\"image.default\">\n\t\t\t\t<div class=\"elementor-widget-container\">\n\t\t\t\t\t\t\t\t\t\t\t\t\t\t\t<img decoding=\"async\" width=\"600\" height=\"146\" src=\"https:\/\/so-anwaelte.de\/wp-content\/uploads\/2025\/04\/logo_mitglied_arge_arbeitsrecht_1-600x146.jpg\" class=\"attachment-tenweb_optimizer_mobile size-tenweb_optimizer_mobile wp-image-273\" alt=\"\" srcset=\"https:\/\/so-anwaelte.de\/wp-content\/uploads\/2025\/04\/logo_mitglied_arge_arbeitsrecht_1-600x146.jpg 600w, https:\/\/so-anwaelte.de\/wp-content\/uploads\/2025\/04\/logo_mitglied_arge_arbeitsrecht_1-300x73.jpg 300w, https:\/\/so-anwaelte.de\/wp-content\/uploads\/2025\/04\/logo_mitglied_arge_arbeitsrecht_1-1024x249.jpg 1024w, https:\/\/so-anwaelte.de\/wp-content\/uploads\/2025\/04\/logo_mitglied_arge_arbeitsrecht_1-768x187.jpg 768w, https:\/\/so-anwaelte.de\/wp-content\/uploads\/2025\/04\/logo_mitglied_arge_arbeitsrecht_1.jpg 1514w\" sizes=\"(max-width: 600px) 100vw, 600px\" \/>\t\t\t\t\t\t\t\t\t\t\t\t\t\t\t<\/div>\n\t\t\t\t<\/div>\n\t\t\t\t<\/div>\n\t\t<div class=\"elementor-element elementor-element-8526e0d e-con-full e-flex wpr-particle-no wpr-jarallax-no wpr-parallax-no wpr-sticky-section-no e-con e-child\" data-id=\"8526e0d\" data-element_type=\"container\" data-e-type=\"container\">\n\t\t\t\t<div class=\"elementor-element elementor-element-1c39ab2 elementor-widget elementor-widget-image\" data-id=\"1c39ab2\" data-element_type=\"widget\" data-e-type=\"widget\" data-widget_type=\"image.default\">\n\t\t\t\t<div class=\"elementor-widget-container\">\n\t\t\t\t\t\t\t\t\t\t\t\t\t\t\t<img decoding=\"async\" width=\"424\" height=\"600\" src=\"https:\/\/so-anwaelte.de\/wp-content\/uploads\/2025\/06\/ra_stev_89482_A_portrait_of_femal_lawyer_with_short_hair_in_h_8b5cb15e-03b9-4371-9a31-139f48e9cbf0_1-424x600.png\" class=\"attachment-tenweb_optimizer_mobile size-tenweb_optimizer_mobile wp-image-3488\" alt=\"\" srcset=\"https:\/\/so-anwaelte.de\/wp-content\/uploads\/2025\/06\/ra_stev_89482_A_portrait_of_femal_lawyer_with_short_hair_in_h_8b5cb15e-03b9-4371-9a31-139f48e9cbf0_1-424x600.png 424w, https:\/\/so-anwaelte.de\/wp-content\/uploads\/2025\/06\/ra_stev_89482_A_portrait_of_femal_lawyer_with_short_hair_in_h_8b5cb15e-03b9-4371-9a31-139f48e9cbf0_1-212x300.png 212w, https:\/\/so-anwaelte.de\/wp-content\/uploads\/2025\/06\/ra_stev_89482_A_portrait_of_femal_lawyer_with_short_hair_in_h_8b5cb15e-03b9-4371-9a31-139f48e9cbf0_1-724x1024.png 724w, https:\/\/so-anwaelte.de\/wp-content\/uploads\/2025\/06\/ra_stev_89482_A_portrait_of_femal_lawyer_with_short_hair_in_h_8b5cb15e-03b9-4371-9a31-139f48e9cbf0_1-768x1086.png 768w, https:\/\/so-anwaelte.de\/wp-content\/uploads\/2025\/06\/ra_stev_89482_A_portrait_of_femal_lawyer_with_short_hair_in_h_8b5cb15e-03b9-4371-9a31-139f48e9cbf0_1.png 928w\" sizes=\"(max-width: 424px) 100vw, 424px\" \/>\t\t\t\t\t\t\t\t\t\t\t\t\t\t\t<\/div>\n\t\t\t\t<\/div>\n\t\t\t\t<div class=\"elementor-element elementor-element-284431c elementor-widget elementor-widget-text-editor\" data-id=\"284431c\" data-element_type=\"widget\" data-e-type=\"widget\" data-widget_type=\"text-editor.default\">\n\t\t\t\t<div class=\"elementor-widget-container\">\n\t\t\t\t\t\t\t\t\t<p>Kim Mirow<br \/>Fachanw\u00e4ltin f\u00fcr Verkehrsrecht<\/p>\t\t\t\t\t\t\t\t<\/div>\n\t\t\t\t<\/div>\n\t\t\t\t<div class=\"elementor-element elementor-element-a5accc9 elementor-widget elementor-widget-image\" data-id=\"a5accc9\" data-element_type=\"widget\" data-e-type=\"widget\" data-widget_type=\"image.default\">\n\t\t\t\t<div class=\"elementor-widget-container\">\n\t\t\t\t\t\t\t\t\t\t\t\t\t\t\t<img loading=\"lazy\" decoding=\"async\" width=\"600\" height=\"146\" src=\"https:\/\/so-anwaelte.de\/wp-content\/uploads\/2025\/04\/logo-mitglied-arge-verkehrsrecht-1-600x146.jpg\" class=\"attachment-tenweb_optimizer_mobile size-tenweb_optimizer_mobile wp-image-271\" alt=\"\" srcset=\"https:\/\/so-anwaelte.de\/wp-content\/uploads\/2025\/04\/logo-mitglied-arge-verkehrsrecht-1-600x146.jpg 600w, https:\/\/so-anwaelte.de\/wp-content\/uploads\/2025\/04\/logo-mitglied-arge-verkehrsrecht-1-300x73.jpg 300w, https:\/\/so-anwaelte.de\/wp-content\/uploads\/2025\/04\/logo-mitglied-arge-verkehrsrecht-1-1024x249.jpg 1024w, https:\/\/so-anwaelte.de\/wp-content\/uploads\/2025\/04\/logo-mitglied-arge-verkehrsrecht-1-768x187.jpg 768w, https:\/\/so-anwaelte.de\/wp-content\/uploads\/2025\/04\/logo-mitglied-arge-verkehrsrecht-1.jpg 1514w\" sizes=\"(max-width: 600px) 100vw, 600px\" \/>\t\t\t\t\t\t\t\t\t\t\t\t\t\t\t<\/div>\n\t\t\t\t<\/div>\n\t\t\t\t<\/div>\n\t\t\t\t<\/div>\n\t\t\t\t<\/div>\n\t\t\t\t<\/div>\n\t\t\t\t\t\t<\/div>\n\t\t\t\t<\/div>\n\t\t<div class=\"elementor-element elementor-element-36c14442 e-con-full e-flex wpr-particle-no wpr-jarallax-no wpr-parallax-no wpr-sticky-section-no e-con e-child\" data-id=\"36c14442\" data-element_type=\"container\" data-e-type=\"container\">\n\t\t<div class=\"elementor-element elementor-element-5ec041a e-con-full e-flex wpr-particle-no wpr-jarallax-no wpr-parallax-no wpr-sticky-section-no e-con e-child\" data-id=\"5ec041a\" data-element_type=\"container\" data-e-type=\"container\">\n\t\t\t\t<div class=\"elementor-element elementor-element-d03322b elementor-widget elementor-widget-text-editor\" data-id=\"d03322b\" data-element_type=\"widget\" data-e-type=\"widget\" data-widget_type=\"text-editor.default\">\n\t\t\t\t<div class=\"elementor-widget-container\">\n\t\t\t\t\t\t\t\t\t<p>[[SO:INTRO]]<\/p>\t\t\t\t\t\t\t\t<\/div>\n\t\t\t\t<\/div>\n\t\t\t\t<\/div>\n\t\t<div class=\"elementor-element elementor-element-7e8d2fba e-con-full e-flex wpr-particle-no wpr-jarallax-no wpr-parallax-no wpr-sticky-section-no e-con e-child\" data-id=\"7e8d2fba\" data-element_type=\"container\" data-e-type=\"container\">\n\t\t\t\t<div class=\"elementor-element elementor-element-d58462d elementor-widget elementor-widget-template\" data-id=\"d58462d\" data-element_type=\"widget\" data-e-type=\"widget\" data-widget_type=\"template.default\">\n\t\t\t\t<div class=\"elementor-widget-container\">\n\t\t\t\t\t\t\t<div class=\"elementor-template\">\n\t\t\t\t\t<div data-elementor-type=\"container\" data-elementor-id=\"8087\" class=\"elementor elementor-8087\" data-elementor-post-type=\"elementor_library\">\n\t\t\t\t<div class=\"elementor-element elementor-element-44cd36f e-con-full e-flex wpr-particle-no wpr-jarallax-no wpr-parallax-no wpr-sticky-section-no e-con e-child\" data-id=\"44cd36f\" data-element_type=\"container\" data-e-type=\"container\">\n\t\t\t\t<div class=\"elementor-element elementor-element-a111644 elementor-align-center elementor-invisible elementor-widget elementor-widget-button\" data-id=\"a111644\" data-element_type=\"widget\" data-e-type=\"widget\" data-settings=\"{&quot;_animation&quot;:&quot;fadeInUp&quot;}\" data-widget_type=\"button.default\">\n\t\t\t\t<div class=\"elementor-widget-container\">\n\t\t\t\t\t\t\t\t\t<div class=\"elementor-button-wrapper\">\n\t\t\t\t\t<a class=\"elementor-button elementor-button-link elementor-size-sm\" href=\"https:\/\/so-anwaelte.de\/kuendigungs-check\/\" target=\"_blank\">\n\t\t\t\t\t\t<span class=\"elementor-button-content-wrapper\">\n\t\t\t\t\t\t\t\t\t<span class=\"elementor-button-text\">K\u00fcndigungs-Check<\/span>\n\t\t\t\t\t<\/span>\n\t\t\t\t\t<\/a>\n\t\t\t\t<\/div>\n\t\t\t\t\t\t\t\t<\/div>\n\t\t\t\t<\/div>\n\t\t<div class=\"elementor-element elementor-element-d5a65ca e-con-full e-flex wpr-particle-no wpr-jarallax-no wpr-parallax-no wpr-sticky-section-no e-con e-child\" data-id=\"d5a65ca\" data-element_type=\"container\" data-e-type=\"container\">\n\t\t\t\t<div class=\"elementor-element elementor-element-5496192 elementor-view-default elementor-widget elementor-widget-icon\" data-id=\"5496192\" data-element_type=\"widget\" data-e-type=\"widget\" data-widget_type=\"icon.default\">\n\t\t\t\t<div class=\"elementor-widget-container\">\n\t\t\t\t\t\t\t<div class=\"elementor-icon-wrapper\">\n\t\t\t<div class=\"elementor-icon\">\n\t\t\t<svg aria-hidden=\"true\" class=\"e-font-icon-svg e-fas-phone-alt\" viewBox=\"0 0 512 512\" xmlns=\"http:\/\/www.w3.org\/2000\/svg\"><path d=\"M497.39 361.8l-112-48a24 24 0 0 0-28 6.9l-49.6 60.6A370.66 370.66 0 0 1 130.6 204.11l60.6-49.6a23.94 23.94 0 0 0 6.9-28l-48-112A24.16 24.16 0 0 0 122.6.61l-104 24A24 24 0 0 0 0 48c0 256.5 207.9 464 464 464a24 24 0 0 0 23.4-18.6l24-104a24.29 24.29 0 0 0-14.01-27.6z\"><\/path><\/svg>\t\t\t<\/div>\n\t\t<\/div>\n\t\t\t\t\t\t<\/div>\n\t\t\t\t<\/div>\n\t\t\t\t<\/div>\n\t\t\t\t<\/div>\n\t\t\t\t<\/div>\n\t\t\t\t<\/div>\n\t\t\t\t\t\t<\/div>\n\t\t\t\t<\/div>\n\t\t<div class=\"elementor-element elementor-element-65d64584 e-con-full e-flex wpr-particle-no wpr-jarallax-no wpr-parallax-no wpr-sticky-section-no e-con e-child\" data-id=\"65d64584\" data-element_type=\"container\" data-e-type=\"container\">\n\t\t\t\t<div class=\"elementor-element elementor-element-77bbb91 elementor-widget elementor-widget-text-editor\" data-id=\"77bbb91\" data-element_type=\"widget\" data-e-type=\"widget\" data-widget_type=\"text-editor.default\">\n\t\t\t\t<div class=\"elementor-widget-container\">\n\t\t\t\t\t\t\t\t\t[[SO:S1]]\t\t\t\t\t\t\t\t<\/div>\n\t\t\t\t<\/div>\n\t\t\t\t<\/div>\n\t\t\t\t<\/div>\n\t\t<div class=\"elementor-element elementor-element-2ae8cf5f e-con-full e-flex wpr-particle-no wpr-jarallax-no wpr-parallax-no wpr-sticky-section-no e-con e-child\" data-id=\"2ae8cf5f\" data-element_type=\"container\" data-e-type=\"container\">\n\t\t\t\t<div class=\"elementor-element elementor-element-02e7a22 elementor-widget elementor-widget-template\" data-id=\"02e7a22\" data-element_type=\"widget\" data-e-type=\"widget\" data-widget_type=\"template.default\">\n\t\t\t\t<div class=\"elementor-widget-container\">\n\t\t\t\t\t\t\t<div class=\"elementor-template\">\n\t\t\t\t\t<div data-elementor-type=\"container\" data-elementor-id=\"8083\" class=\"elementor elementor-8083\" data-elementor-post-type=\"elementor_library\">\n\t\t\t\t<div class=\"elementor-element elementor-element-987432d e-con-full e-flex wpr-particle-no wpr-jarallax-no wpr-parallax-no wpr-sticky-section-no e-con e-child\" data-id=\"987432d\" data-element_type=\"container\" data-e-type=\"container\">\n\t\t\t\t<div class=\"elementor-element elementor-element-0f7c3b8 elementor-align-center elementor-invisible elementor-widget elementor-widget-button\" data-id=\"0f7c3b8\" data-element_type=\"widget\" data-e-type=\"widget\" data-settings=\"{&quot;_animation&quot;:&quot;fadeInUp&quot;}\" data-widget_type=\"button.default\">\n\t\t\t\t<div class=\"elementor-widget-container\">\n\t\t\t\t\t\t\t\t\t<div class=\"elementor-button-wrapper\">\n\t\t\t\t\t<a class=\"elementor-button elementor-button-link elementor-size-sm\" href=\"https:\/\/so-anwaelte.de\/kuendigungs-check\/\" target=\"_blank\">\n\t\t\t\t\t\t<span class=\"elementor-button-content-wrapper\">\n\t\t\t\t\t\t\t\t\t<span class=\"elementor-button-text\">Fristen \/ K\u00fcndigung pr\u00fcfen lassen<\/span>\n\t\t\t\t\t<\/span>\n\t\t\t\t\t<\/a>\n\t\t\t\t<\/div>\n\t\t\t\t\t\t\t\t<\/div>\n\t\t\t\t<\/div>\n\t\t<div class=\"elementor-element elementor-element-4b51dc4 e-con-full e-flex wpr-particle-no wpr-jarallax-no wpr-parallax-no wpr-sticky-section-no e-con e-child\" data-id=\"4b51dc4\" data-element_type=\"container\" data-e-type=\"container\">\n\t\t\t\t<div class=\"elementor-element elementor-element-0127f5b elementor-view-default elementor-widget elementor-widget-icon\" data-id=\"0127f5b\" data-element_type=\"widget\" data-e-type=\"widget\" data-widget_type=\"icon.default\">\n\t\t\t\t<div class=\"elementor-widget-container\">\n\t\t\t\t\t\t\t<div class=\"elementor-icon-wrapper\">\n\t\t\t<div class=\"elementor-icon\">\n\t\t\t<svg aria-hidden=\"true\" class=\"e-font-icon-svg e-fas-phone-alt\" viewBox=\"0 0 512 512\" xmlns=\"http:\/\/www.w3.org\/2000\/svg\"><path d=\"M497.39 361.8l-112-48a24 24 0 0 0-28 6.9l-49.6 60.6A370.66 370.66 0 0 1 130.6 204.11l60.6-49.6a23.94 23.94 0 0 0 6.9-28l-48-112A24.16 24.16 0 0 0 122.6.61l-104 24A24 24 0 0 0 0 48c0 256.5 207.9 464 464 464a24 24 0 0 0 23.4-18.6l24-104a24.29 24.29 0 0 0-14.01-27.6z\"><\/path><\/svg>\t\t\t<\/div>\n\t\t<\/div>\n\t\t\t\t\t\t<\/div>\n\t\t\t\t<\/div>\n\t\t\t\t<\/div>\n\t\t\t\t<\/div>\n\t\t\t\t<\/div>\n\t\t\t\t<\/div>\n\t\t\t\t\t\t<\/div>\n\t\t\t\t<\/div>\n\t\t<div class=\"elementor-element elementor-element-467e0453 e-con-full e-flex wpr-particle-no wpr-jarallax-no wpr-parallax-no wpr-sticky-section-no e-con e-child\" data-id=\"467e0453\" data-element_type=\"container\" data-e-type=\"container\">\n\t\t\t\t<div class=\"elementor-element elementor-element-36e03b5c elementor-widget elementor-widget-text-editor\" data-id=\"36e03b5c\" data-element_type=\"widget\" data-e-type=\"widget\" data-widget_type=\"text-editor.default\">\n\t\t\t\t<div class=\"elementor-widget-container\">\n\t\t\t\t\t\t\t\t\t[[SO:S2]]\t\t\t\t\t\t\t\t<\/div>\n\t\t\t\t<\/div>\n\t\t\t\t<\/div>\n\t\t\t\t<\/div>\n\t\t<div class=\"elementor-element elementor-element-8421a12 e-con-full e-flex wpr-particle-no wpr-jarallax-no wpr-parallax-no wpr-sticky-section-no e-con e-child\" data-id=\"8421a12\" data-element_type=\"container\" data-e-type=\"container\">\n\t\t\t\t<div class=\"elementor-element elementor-element-42c719d elementor-widget elementor-widget-template\" data-id=\"42c719d\" data-element_type=\"widget\" data-e-type=\"widget\" data-widget_type=\"template.default\">\n\t\t\t\t<div class=\"elementor-widget-container\">\n\t\t\t\t\t\t\t<div class=\"elementor-template\">\n\t\t\t\t\t<div data-elementor-type=\"container\" data-elementor-id=\"8090\" class=\"elementor elementor-8090\" data-elementor-post-type=\"elementor_library\">\n\t\t\t\t<div class=\"elementor-element elementor-element-4d68981 e-con-full e-flex wpr-particle-no wpr-jarallax-no wpr-parallax-no wpr-sticky-section-no e-con e-child\" data-id=\"4d68981\" data-element_type=\"container\" data-e-type=\"container\">\n\t\t\t\t<div class=\"elementor-element elementor-element-d8edb17 elementor-align-center elementor-invisible elementor-widget elementor-widget-button\" data-id=\"d8edb17\" data-element_type=\"widget\" data-e-type=\"widget\" data-settings=\"{&quot;_animation&quot;:&quot;fadeInUp&quot;}\" data-widget_type=\"button.default\">\n\t\t\t\t<div class=\"elementor-widget-container\">\n\t\t\t\t\t\t\t\t\t<div class=\"elementor-button-wrapper\">\n\t\t\t\t\t<a class=\"elementor-button elementor-button-link elementor-size-sm\" href=\"https:\/\/form.advobox.com\/steveker-odebrecht\/kontaktanfrage\/\" target=\"_blank\">\n\t\t\t\t\t\t<span class=\"elementor-button-content-wrapper\">\n\t\t\t\t\t\t\t\t\t<span class=\"elementor-button-text\">Beratungstermin vereinbaren<\/span>\n\t\t\t\t\t<\/span>\n\t\t\t\t\t<\/a>\n\t\t\t\t<\/div>\n\t\t\t\t\t\t\t\t<\/div>\n\t\t\t\t<\/div>\n\t\t<div class=\"elementor-element elementor-element-7ad1d4a e-con-full e-flex wpr-particle-no wpr-jarallax-no wpr-parallax-no wpr-sticky-section-no e-con e-child\" data-id=\"7ad1d4a\" data-element_type=\"container\" data-e-type=\"container\">\n\t\t\t\t<div class=\"elementor-element elementor-element-da53279 elementor-view-default elementor-widget elementor-widget-icon\" data-id=\"da53279\" data-element_type=\"widget\" data-e-type=\"widget\" data-widget_type=\"icon.default\">\n\t\t\t\t<div class=\"elementor-widget-container\">\n\t\t\t\t\t\t\t<div class=\"elementor-icon-wrapper\">\n\t\t\t<div class=\"elementor-icon\">\n\t\t\t<svg aria-hidden=\"true\" class=\"e-font-icon-svg e-fas-phone-alt\" viewBox=\"0 0 512 512\" xmlns=\"http:\/\/www.w3.org\/2000\/svg\"><path d=\"M497.39 361.8l-112-48a24 24 0 0 0-28 6.9l-49.6 60.6A370.66 370.66 0 0 1 130.6 204.11l60.6-49.6a23.94 23.94 0 0 0 6.9-28l-48-112A24.16 24.16 0 0 0 122.6.61l-104 24A24 24 0 0 0 0 48c0 256.5 207.9 464 464 464a24 24 0 0 0 23.4-18.6l24-104a24.29 24.29 0 0 0-14.01-27.6z\"><\/path><\/svg>\t\t\t<\/div>\n\t\t<\/div>\n\t\t\t\t\t\t<\/div>\n\t\t\t\t<\/div>\n\t\t\t\t<\/div>\n\t\t\t\t<\/div>\n\t\t\t\t<\/div>\n\t\t\t\t<\/div>\n\t\t\t\t\t\t<\/div>\n\t\t\t\t<\/div>\n\t\t\t\t<div class=\"elementor-element elementor-element-2a4f8efb elementor-widget elementor-widget-text-editor\" data-id=\"2a4f8efb\" data-element_type=\"widget\" data-e-type=\"widget\" data-widget_type=\"text-editor.default\">\n\t\t\t\t<div class=\"elementor-widget-container\">\n\t\t\t\t\t\t\t\t\t[[SO:S3]]\t\t\t\t\t\t\t\t<\/div>\n\t\t\t\t<\/div>\n\t\t\t\t<\/div>\n\t\t\t\t<div class=\"elementor-element elementor-element-a3ad8d7 elementor-widget elementor-widget-theme-post-featured-image elementor-widget-image\" data-id=\"a3ad8d7\" data-element_type=\"widget\" data-e-type=\"widget\" data-widget_type=\"theme-post-featured-image.default\">\n\t\t\t\t<div class=\"elementor-widget-container\">\n\t\t\t\t\t\t\t\t\t\t\t\t\t\t\t<img loading=\"lazy\" decoding=\"async\" width=\"600\" height=\"336\" src=\"https:\/\/so-anwaelte.de\/wp-content\/uploads\/2026\/03\/Kuendigung_Fachanwalt_fuer_Arbeitsrecht_60-600x336.png\" class=\"attachment-tenweb_optimizer_mobile size-tenweb_optimizer_mobile wp-image-8214\" alt=\"\" srcset=\"https:\/\/so-anwaelte.de\/wp-content\/uploads\/2026\/03\/Kuendigung_Fachanwalt_fuer_Arbeitsrecht_60-600x336.png 600w, https:\/\/so-anwaelte.de\/wp-content\/uploads\/2026\/03\/Kuendigung_Fachanwalt_fuer_Arbeitsrecht_60-300x168.png 300w, https:\/\/so-anwaelte.de\/wp-content\/uploads\/2026\/03\/Kuendigung_Fachanwalt_fuer_Arbeitsrecht_60-1024x574.png 1024w, https:\/\/so-anwaelte.de\/wp-content\/uploads\/2026\/03\/Kuendigung_Fachanwalt_fuer_Arbeitsrecht_60-768x430.png 768w, https:\/\/so-anwaelte.de\/wp-content\/uploads\/2026\/03\/Kuendigung_Fachanwalt_fuer_Arbeitsrecht_60-18x10.png 18w, https:\/\/so-anwaelte.de\/wp-content\/uploads\/2026\/03\/Kuendigung_Fachanwalt_fuer_Arbeitsrecht_60.png 1456w\" sizes=\"(max-width: 600px) 100vw, 600px\" \/>\t\t\t\t\t\t\t\t\t\t\t\t\t\t\t<\/div>\n\t\t\t\t<\/div>\n\t\t<div class=\"elementor-element elementor-element-629be60 e-con-full e-flex wpr-particle-no wpr-jarallax-no wpr-parallax-no wpr-sticky-section-no e-con e-child\" data-id=\"629be60\" data-element_type=\"container\" data-e-type=\"container\">\n\t\t\t\t<div class=\"elementor-element elementor-element-2923fd7b elementor-widget elementor-widget-text-editor\" data-id=\"2923fd7b\" data-element_type=\"widget\" data-e-type=\"widget\" data-widget_type=\"text-editor.default\">\n\t\t\t\t<div class=\"elementor-widget-container\">\n\t\t\t\t\t\t\t\t\t<p>[[SO:S4]]<\/p>\t\t\t\t\t\t\t\t<\/div>\n\t\t\t\t<\/div>\n\t\t\t\t<\/div>\n\t\t<div class=\"elementor-element elementor-element-498927bb e-con-full e-flex wpr-particle-no wpr-jarallax-no wpr-parallax-no wpr-sticky-section-no e-con e-child\" data-id=\"498927bb\" data-element_type=\"container\" data-e-type=\"container\">\n\t\t\t\t<div class=\"elementor-element elementor-element-bf04b1a elementor-widget elementor-widget-template\" data-id=\"bf04b1a\" data-element_type=\"widget\" data-e-type=\"widget\" data-widget_type=\"template.default\">\n\t\t\t\t<div class=\"elementor-widget-container\">\n\t\t\t\t\t\t\t<div class=\"elementor-template\">\n\t\t\t\t\t<div data-elementor-type=\"container\" data-elementor-id=\"8087\" class=\"elementor elementor-8087\" data-elementor-post-type=\"elementor_library\">\n\t\t\t\t<div class=\"elementor-element elementor-element-44cd36f e-con-full e-flex wpr-particle-no wpr-jarallax-no wpr-parallax-no wpr-sticky-section-no e-con e-child\" data-id=\"44cd36f\" data-element_type=\"container\" data-e-type=\"container\">\n\t\t\t\t<div class=\"elementor-element elementor-element-a111644 elementor-align-center elementor-invisible elementor-widget elementor-widget-button\" data-id=\"a111644\" data-element_type=\"widget\" data-e-type=\"widget\" data-settings=\"{&quot;_animation&quot;:&quot;fadeInUp&quot;}\" data-widget_type=\"button.default\">\n\t\t\t\t<div class=\"elementor-widget-container\">\n\t\t\t\t\t\t\t\t\t<div class=\"elementor-button-wrapper\">\n\t\t\t\t\t<a class=\"elementor-button elementor-button-link elementor-size-sm\" href=\"https:\/\/so-anwaelte.de\/kuendigungs-check\/\" target=\"_blank\">\n\t\t\t\t\t\t<span class=\"elementor-button-content-wrapper\">\n\t\t\t\t\t\t\t\t\t<span class=\"elementor-button-text\">K\u00fcndigungs-Check<\/span>\n\t\t\t\t\t<\/span>\n\t\t\t\t\t<\/a>\n\t\t\t\t<\/div>\n\t\t\t\t\t\t\t\t<\/div>\n\t\t\t\t<\/div>\n\t\t<div class=\"elementor-element elementor-element-d5a65ca e-con-full e-flex wpr-particle-no wpr-jarallax-no wpr-parallax-no wpr-sticky-section-no e-con e-child\" data-id=\"d5a65ca\" data-element_type=\"container\" data-e-type=\"container\">\n\t\t\t\t<div class=\"elementor-element elementor-element-5496192 elementor-view-default elementor-widget elementor-widget-icon\" data-id=\"5496192\" data-element_type=\"widget\" data-e-type=\"widget\" data-widget_type=\"icon.default\">\n\t\t\t\t<div class=\"elementor-widget-container\">\n\t\t\t\t\t\t\t<div class=\"elementor-icon-wrapper\">\n\t\t\t<div class=\"elementor-icon\">\n\t\t\t<svg aria-hidden=\"true\" class=\"e-font-icon-svg e-fas-phone-alt\" viewBox=\"0 0 512 512\" xmlns=\"http:\/\/www.w3.org\/2000\/svg\"><path d=\"M497.39 361.8l-112-48a24 24 0 0 0-28 6.9l-49.6 60.6A370.66 370.66 0 0 1 130.6 204.11l60.6-49.6a23.94 23.94 0 0 0 6.9-28l-48-112A24.16 24.16 0 0 0 122.6.61l-104 24A24 24 0 0 0 0 48c0 256.5 207.9 464 464 464a24 24 0 0 0 23.4-18.6l24-104a24.29 24.29 0 0 0-14.01-27.6z\"><\/path><\/svg>\t\t\t<\/div>\n\t\t<\/div>\n\t\t\t\t\t\t<\/div>\n\t\t\t\t<\/div>\n\t\t\t\t<\/div>\n\t\t\t\t<\/div>\n\t\t\t\t<\/div>\n\t\t\t\t<\/div>\n\t\t\t\t\t\t<\/div>\n\t\t\t\t<\/div>\n\t\t\t\t<div class=\"elementor-element elementor-element-209f9669 elementor-widget elementor-widget-text-editor\" data-id=\"209f9669\" data-element_type=\"widget\" data-e-type=\"widget\" data-widget_type=\"text-editor.default\">\n\t\t\t\t<div class=\"elementor-widget-container\">\n\t\t\t\t\t\t\t\t\t[[SO:FAQ]]\t\t\t\t\t\t\t\t<\/div>\n\t\t\t\t<\/div>\n\t\t\t\t<\/div>\n\t\t\t\t<div class=\"elementor-element elementor-element-307e4bb elementor-widget elementor-widget-template\" data-id=\"307e4bb\" data-element_type=\"widget\" data-e-type=\"widget\" data-widget_type=\"template.default\">\n\t\t\t\t<div class=\"elementor-widget-container\">\n\t\t\t\t\t\t\t<div class=\"elementor-template\">\n\t\t\t\t\t<div data-elementor-type=\"container\" data-elementor-id=\"8096\" class=\"elementor elementor-8096\" data-elementor-post-type=\"elementor_library\">\n\t\t\t\t<div class=\"elementor-element elementor-element-788aa10 e-con-full e-flex wpr-particle-no wpr-jarallax-no wpr-parallax-no wpr-sticky-section-no e-con e-child\" data-id=\"788aa10\" data-element_type=\"container\" data-e-type=\"container\">\n\t\t\t\t<div class=\"elementor-element elementor-element-7a6d6e8 elementor-align-center elementor-invisible elementor-widget elementor-widget-button\" data-id=\"7a6d6e8\" data-element_type=\"widget\" data-e-type=\"widget\" data-settings=\"{&quot;_animation&quot;:&quot;fadeInUp&quot;}\" data-widget_type=\"button.default\">\n\t\t\t\t<div class=\"elementor-widget-container\">\n\t\t\t\t\t\t\t\t\t<div class=\"elementor-button-wrapper\">\n\t\t\t\t\t<a class=\"elementor-button elementor-button-link elementor-size-sm\" href=\"https:\/\/form.advobox.com\/steveker-odebrecht\/kontaktanfrage\/\" target=\"_blank\">\n\t\t\t\t\t\t<span class=\"elementor-button-content-wrapper\">\n\t\t\t\t\t\t\t\t\t<span class=\"elementor-button-text\">Kontaktieren Sie uns!<\/span>\n\t\t\t\t\t<\/span>\n\t\t\t\t\t<\/a>\n\t\t\t\t<\/div>\n\t\t\t\t\t\t\t\t<\/div>\n\t\t\t\t<\/div>\n\t\t<div class=\"elementor-element elementor-element-68ef33f e-con-full e-flex wpr-particle-no wpr-jarallax-no wpr-parallax-no wpr-sticky-section-no e-con e-child\" data-id=\"68ef33f\" data-element_type=\"container\" data-e-type=\"container\">\n\t\t\t\t<div class=\"elementor-element elementor-element-ac5a0db elementor-view-default elementor-widget elementor-widget-icon\" data-id=\"ac5a0db\" data-element_type=\"widget\" data-e-type=\"widget\" data-widget_type=\"icon.default\">\n\t\t\t\t<div class=\"elementor-widget-container\">\n\t\t\t\t\t\t\t<div class=\"elementor-icon-wrapper\">\n\t\t\t<div class=\"elementor-icon\">\n\t\t\t<svg aria-hidden=\"true\" class=\"e-font-icon-svg e-fas-phone-alt\" viewBox=\"0 0 512 512\" xmlns=\"http:\/\/www.w3.org\/2000\/svg\"><path d=\"M497.39 361.8l-112-48a24 24 0 0 0-28 6.9l-49.6 60.6A370.66 370.66 0 0 1 130.6 204.11l60.6-49.6a23.94 23.94 0 0 0 6.9-28l-48-112A24.16 24.16 0 0 0 122.6.61l-104 24A24 24 0 0 0 0 48c0 256.5 207.9 464 464 464a24 24 0 0 0 23.4-18.6l24-104a24.29 24.29 0 0 0-14.01-27.6z\"><\/path><\/svg>\t\t\t<\/div>\n\t\t<\/div>\n\t\t\t\t\t\t<\/div>\n\t\t\t\t<\/div>\n\t\t\t\t<\/div>\n\t\t\t\t<\/div>\n\t\t\t\t<\/div>\n\t\t\t\t<\/div>\n\t\t\t\t\t\t<\/div>\n\t\t\t\t<\/div>\n\t\t\t\t<\/div>\n\t\t\t\t<\/div>\n\t\t\t\t\t<\/div>\n\t\t\t\t<\/div>\n\t\t\t\t<\/div>\n\t\t\n","protected":false},"excerpt":{"rendered":"<p>Beratung zum Arbeitsrecht f\u00fcr Achim: K\u00fcndigung pr\u00fcfen, 3\u2011Wochen\u2011Frist beachten, Aufhebungsvertrag sicher verhandeln und Risiken wie Sperrzeit vermeiden.<\/p>","protected":false},"author":7,"featured_media":8214,"parent":182,"menu_order":0,"comment_status":"closed","ping_status":"closed","template":"","meta":{"_yoast_wpseo_focuskw":"Arbeitsrecht Achim","_yoast_wpseo_title":"Arbeitsrecht f\u00fcr Achim: K\u00fcndigung & Aufhebungsvertrag","_yoast_wpseo_metadesc":"Arbeitsrecht f\u00fcr Achim: Unterst\u00fctzung bei K\u00fcndigung, Abmahnung, Aufhebungsvertrag und Zeugnis. Fristen beachten!","_yoast_wpseo_meta-robots-noindex":"","_yoast_wpseo_canonical":"","so_intro":"<h2>Arbeitsrecht f\u00fcr Achim: K\u00fcndigung, Aufhebungsvertrag und Ihre n\u00e4chsten Schritte<\/h2><p>Ob K\u00fcndigung, Abmahnung, Aufhebungsvertrag oder Streit um Lohn und \u00dcberstunden: Arbeitsrechtliche Konflikte entstehen oft pl\u00f6tzlich \u2013 und dann z\u00e4hlt vor allem eins: Struktur und Tempo. F\u00fcr Mandantinnen und Mandanten aus Achim und dem Landkreis Verden ist besonders wichtig zu wissen, dass im K\u00fcndigungsfall regelm\u00e4\u00dfig kurze Fristen laufen. Die bekannteste ist die <strong>3\u2011Wochen\u2011Frist<\/strong> f\u00fcr die K\u00fcndigungsschutzklage: Wer zu lange wartet, verliert h\u00e4ufig wichtige Handlungsm\u00f6glichkeiten \u2013 unabh\u00e4ngig davon, wie \u00fcberzeugend die eigenen Argumente sind.<\/p><p>Dieser \u00dcberblick zeigt Ihnen laienverst\u00e4ndlich, welche Schritte typischerweise sinnvoll sind, wie ein Verfahren vor dem <strong>Arbeitsgericht Verden<\/strong> ablaufen kann und welche Rolle das <strong>Landesarbeitsgericht Niedersachsen<\/strong> in der zweiten Instanz spielt. Bitte beachten Sie: Die Informationen ersetzen keine Einzelfallpr\u00fcfung. Ob und wie Sie vorgehen sollten, h\u00e4ngt immer von Arbeitsvertrag, K\u00fcndigungsschreiben, Betriebsabl\u00e4ufen und der konkreten Beweislage ab.<\/p><p>Wenn Sie sich zun\u00e4chst orientieren m\u00f6chten, finden Sie Grundlagen und weitere Beitr\u00e4ge unter <a href=\"https:\/\/so-anwaelte.de\/arbeitsrecht\/\">Arbeitsrecht<\/a> sowie aktuelle Themen in der <a href=\"https:\/\/so-anwaelte.de\/category\/arbeitsrecht\/\">Rubrik Arbeitsrecht<\/a>.<\/p>","so_s1":"<h2>Nach der K\u00fcndigung: Fristen sichern und Beweise ordnen<\/h2><p>Wenn Sie in Achim eine K\u00fcndigung erhalten, sollten Sie das Schreiben zun\u00e4chst n\u00fcchtern pr\u00fcfen (Datum, Unterschrift, Zugang). Der Zugang ist oft entscheidend, weil hiervon Fristen abh\u00e4ngen. F\u00fcr die K\u00fcndigungsschutzklage gilt in der Regel: <strong>innerhalb von 3 Wochen<\/strong> nach Zugang muss Klage erhoben werden. Auch wenn Sie noch Gespr\u00e4che mit dem Arbeitgeber f\u00fchren oder ein Aufhebungsvertrag im Raum steht, sollte die Frist im Blick bleiben.<\/p><p>Praktisch bew\u00e4hrt hat sich eine schnelle Sammlung der Unterlagen: Arbeitsvertrag, \u00c4nderungsvertr\u00e4ge, letzte Gehaltsabrechnungen, Schicht- oder Arbeitszeitnachweise, Abmahnungen, E\u2011Mails\/Chat-Verl\u00e4ufe und \u2013 falls vorhanden \u2013 Schreiben des Betriebsrats. Gerade in Betrieben aus der Logistik\/Transport oder der Lebensmittelproduktion sind Arbeitszeiten, Schichtwechsel und Leistungskennzahlen h\u00e4ufig Streitthema; in Handwerk\/Metallverarbeitung oder Landwirtschaft geht es nicht selten um Einsatzorte, Witterungsrisiken, Unfallgeschehen oder Befristungen. Dokumentieren Sie au\u00dferdem, wann und wie die K\u00fcndigung \u00fcbergeben wurde (pers\u00f6nlich, Briefkasten, Bote).<\/p><p>Als n\u00e4chster Schritt wird typischerweise eine <em>Risiko- und Zielkl\u00e4rung<\/em> vorgenommen: Geht es prim\u00e4r um Weiterbesch\u00e4ftigung, um die Kl\u00e4rung einer Sperrzeit-Problematik, um ausstehende Verg\u00fctung oder um ein rechtssicheres Zeugnis? F\u00fcr den gerichtlichen Weg ist h\u00e4ufig das <strong>Arbeitsgericht Verden<\/strong> zust\u00e4ndig. Einen verst\u00e4ndlichen \u00dcberblick zum Klageweg finden Sie hier: <a href=\"https:\/\/so-anwaelte.de\/der-kuendigungsschutzprozess-vor-dem-arbeitsgericht\/\">Der K\u00fcndigungsschutzprozess vor dem Arbeitsgericht<\/a>.<\/p>","so_s2":"<h2>Vom G\u00fctetermin bis zum Vergleich: typische Strategie im Verfahren<\/h2><p>Im K\u00fcndigungsschutzverfahren steht am Anfang meist die Frage, ob die K\u00fcndigung formell und inhaltlich angreifbar ist. Formale Fehler (z. B. fehlende Vollmacht, unklare K\u00fcndigungserkl\u00e4rung, Probleme beim Zugang) k\u00f6nnen ebenso relevant sein wie die Begr\u00fcndung (betriebs-, verhaltens- oder personenbedingt) und die Einhaltung von Fristen. In der Praxis beginnt das Verfahren h\u00e4ufig mit einem <strong>G\u00fctetermin<\/strong> beim <strong>Arbeitsgericht Verden<\/strong>. Dort wird ausgelotet, ob eine einvernehmliche L\u00f6sung m\u00f6glich ist \u2013 etwa durch R\u00fccknahme der K\u00fcndigung, eine Beendigung zu einem sp\u00e4teren Zeitpunkt oder einen Vergleich \u00fcber offene Punkte.<\/p><p>Ein Vergleich kann \u2013 je nach Lage \u2013 auch eine Abfindung enthalten. Wichtig ist: Eine Abfindung ist nicht automatisch geschuldet und h\u00e4ngt stark von Prozessrisiken, Betriebsgr\u00f6\u00dfe, Sozialauswahl (falls relevant) und Beweislage ab. Wenn eine Abfindung verhandelt wird, sollte sie nicht isoliert betrachtet werden. H\u00e4ufig spielen auch Resturlaub, Freistellung, variable Verg\u00fctung, Wettbewerbsfragen und ein sauber formuliertes Arbeitszeugnis eine Rolle. Zur steuerlichen Einordnung kann dieser Beitrag Orientierung geben: <a href=\"https:\/\/so-anwaelte.de\/abfindung-clever-versteuern-so-holen-sie-das-meiste-heraus\/\">Abfindung clever versteuern<\/a> (keine Steuerberatung, aber hilfreiche Hinweise zur Struktur).<\/p><p>Kommt es nicht zur Einigung, folgt regelm\u00e4\u00dfig ein Kammertermin mit Beweisaufnahme. Eine Berufung kann anschlie\u00dfend zum <strong>Landesarbeitsgericht Niedersachsen<\/strong> f\u00fchren. Gerade f\u00fcr Mandantinnen und Mandanten aus dem Landkreis Verden ist es sinnvoll, fr\u00fch eine klare Linie festzulegen: Welche Mindestziele sind wichtig, welche Kompromisse sind akzeptabel und welche Punkte d\u00fcrfen nicht \u201eunter den Tisch\u201c fallen (z. B. Zeugnisformulierung oder Freistellung mit Anrechnung von Urlaub)?<\/p>","so_s3":"<h2>Arbeitgeberseite: K\u00fcndigungen rechtssicher vorbereiten und Konflikte vermeiden<\/h2><p>Auch Arbeitgeber aus Achim und dem Landkreis Verden stehen vor der Herausforderung, personelle Entscheidungen rechtssicher umzusetzen. In regional typischen Strukturen \u2013 etwa in Dienstleistungen\/Gesundheitswesen, in Logistik\/Transport mit Schichtmodellen oder in der Lebensmittelproduktion mit Qualit\u00e4ts- und Hygienestandards \u2013 entstehen Konflikte h\u00e4ufig an Schnittstellen: Leistungserwartung, Dokumentation, Arbeitszeit, Fehlzeiten, Umgangston oder Sicherheitsvorgaben.<\/p><p>F\u00fcr eine belastbare arbeitsrechtliche Entscheidung sind <strong>Formalien<\/strong> und <strong>Dokumentation<\/strong> zentral: Zust\u00e4ndigkeiten, Anh\u00f6rungen (falls erforderlich), korrekte K\u00fcndigungsfristen, Nachweise zu Pflichtverst\u00f6\u00dfen oder betrieblicher Notwendigkeit. Bei verhaltensbezogenen Vorw\u00fcrfen ist h\u00e4ufig zu pr\u00fcfen, ob zuvor eine <em>wirksame Abmahnung<\/em> erforderlich ist und ob das beanstandete Verhalten \u00fcberhaupt k\u00fcndigungsrelevant ist. Ein kompakter Einstieg dazu: <a href=\"https:\/\/so-anwaelte.de\/die-arbeitsrechtliche-abmahnung\/\">Die arbeitsrechtliche Abmahnung<\/a>. F\u00fcr die Einordnung verhaltensbedingter K\u00fcndigungen kann dieser Beitrag helfen: <a href=\"https:\/\/so-anwaelte.de\/verhaltensbedingte-kuendigung-wann-ist-sie-zulaessig\/\">Verhaltensbedingte K\u00fcndigung \u2013 wann zul\u00e4ssig?<\/a><\/p><p>Bei betriebsbedingten Ma\u00dfnahmen sind Planbarkeit und Nachvollziehbarkeit wichtig (Unternehmerentscheidung, Wegfall von Besch\u00e4ftigungsm\u00f6glichkeiten, ggf. Sozialauswahl). Das senkt Prozessrisiken vor dem <strong>Arbeitsgericht Verden<\/strong> und unterst\u00fctzt eine sachliche Vergleichsbereitschaft, falls es zum Verfahren kommt. Hinweise zur Struktur finden Sie hier: <a href=\"https:\/\/so-anwaelte.de\/betriebsbedingte-kuendigung-voraussetzungen-rechtsprechung-und-handlungsmoeglichkeiten\/\">Betriebsbedingte K\u00fcndigung \u2013 Voraussetzungen und Handlungsoptionen<\/a>.<\/p>","so_s4":"<h2>Aufhebungsvertrag: Sperrzeit vermeiden, Zeugnis sichern, Details sauber regeln<\/h2><p>Ein <strong>Aufhebungsvertrag<\/strong> kann f\u00fcr beide Seiten eine schnelle L\u00f6sung sein \u2013 birgt aber Risiken, wenn Inhalte unklar sind. F\u00fcr Besch\u00e4ftigte aus Achim ist besonders wichtig: Ein Aufhebungsvertrag kann Auswirkungen auf den Bezug von Arbeitslosengeld haben (Stichwort <strong>Sperrzeit<\/strong>), wenn die Beendigung als \u201efreiwillig\u201c bewertet wird. Daher sollte vor einer Unterschrift gepr\u00fcft werden, ob und wie der Vertrag gestaltet werden kann (z. B. Beendigungszeitpunkt, betriebliche Gr\u00fcnde, Freistellung, Resturlaubsabgeltung). Auch Arbeitgeber sollten beachten, dass ein \u201eStandardtext\u201c selten passt, wenn Schichtmodelle, Bonusregelungen oder unterschiedliche Einsatzorte (z. B. in Landwirtschaft oder Transport) betroffen sind.<\/p><p>Typische Regelungspunkte sind: Beendigungsdatum, Abfindungsregelung (falls vereinbart), Freistellung und Anrechnung von Urlaub\/\u00dcberstunden, Herausgabe von Arbeitsmitteln, Wettbewerbs- und Verschwiegenheitsklauseln sowie eine eindeutige <strong>Zeugnisregelung<\/strong> (Art: einfach\/qualifiziert; Note\/Leistungs- und F\u00fchrungsbeurteilung; Schlussformel). Gerade das Zeugnis wird im Alltag untersch\u00e4tzt, kann aber bei Bewerbungen in der Region \u2013 etwa im Gesundheitswesen oder in der Metallverarbeitung \u2013 entscheidend sein. Erg\u00e4nzend hilfreich: <a href=\"https:\/\/so-anwaelte.de\/fragen-und-antworten-zum-aufhebungsvertrag\/\">Fragen und Antworten zum Aufhebungsvertrag<\/a> sowie zum Zeugnisdetail dieser Beitrag: <a href=\"https:\/\/so-anwaelte.de\/arbeitszeugnis-muss-beendigungsdatum-und-nicht-ausstellungsdatum-enthalten\/\">Arbeitszeugnis: Beendigungsdatum<\/a>.<\/p><p>Wenn bereits eine K\u00fcndigung ausgesprochen wurde, kann ein Aufhebungsvertrag dennoch als Vergleichsinstrument dienen \u2013 allerdings sollte die 3\u2011Wochen\u2011Frist nicht \u201ewegverhandelt\u201c werden, ohne die Konsequenzen sicher zu \u00fcberblicken. Kommt es zum Streit, sind zun\u00e4chst Entscheidungen beim <strong>Arbeitsgericht Verden<\/strong> typisch; eine weitere \u00dcberpr\u00fcfung kann im Berufungsfall beim <strong>Landesarbeitsgericht Niedersachsen<\/strong> erfolgen.<\/p>","so_faq":"<h2>H\u00e4ufige Fragen (FAQ)<\/h2><ul><li><strong>Was ist die 3\u2011Wochen\u2011Frist bei einer K\u00fcndigung?<\/strong><p>In vielen F\u00e4llen muss eine K\u00fcndigungsschutzklage innerhalb von drei Wochen nach Zugang der K\u00fcndigung beim zust\u00e4ndigen Gericht eingereicht werden. Wird die Frist vers\u00e4umt, gilt die K\u00fcndigung oft als wirksam, selbst wenn inhaltliche Fehler vorliegen. Ob Ausnahmen greifen, h\u00e4ngt vom konkreten Ablauf ab.<\/p><\/li><li><strong>Welches Gericht ist f\u00fcr Achim typischerweise zust\u00e4ndig?<\/strong><p>Arbeitsrechtliche Streitigkeiten werden h\u00e4ufig zun\u00e4chst vor dem <strong>Arbeitsgericht Verden<\/strong> gef\u00fchrt. Gegen Entscheidungen kann \u2013 je nach Voraussetzungen \u2013 eine Berufung zum <strong>Landesarbeitsgericht Niedersachsen<\/strong> m\u00f6glich sein. Die Zust\u00e4ndigkeit kann im Einzelfall von Arbeitsort und Vertrag abh\u00e4ngen.<\/p><\/li><li><strong>Sollte ich einen Aufhebungsvertrag sofort unterschreiben?<\/strong><p>In der Regel ist Zur\u00fcckhaltung sinnvoll, weil ein Aufhebungsvertrag rechtliche und finanzielle Folgen haben kann, etwa beim Arbeitslosengeld (Sperrzeit-Risiko) oder bei offenen Anspr\u00fcchen. Wichtig sind klare Regelungen zu Beendigungsdatum, Freistellung, Urlaub\/\u00dcberstunden und Zeugnis. Eine Pr\u00fcfung anhand Ihrer Unterlagen schafft Entscheidungsgrundlagen.<\/p><\/li><li><strong>Bekomme ich automatisch eine Abfindung, wenn ich klage?<\/strong><p>Eine Abfindung ist gesetzlich nicht in jedem Fall vorgesehen und wird h\u00e4ufig im Vergleich verhandelt. Ob sie realistisch ist, h\u00e4ngt u. a. von den Prozessrisiken, der Beweislage und der Art der K\u00fcndigung ab. Ebenso wichtig sind oft Nebenpunkte wie Zeugnis, Resturlaub und Lohnanspr\u00fcche.<\/p><\/li><li><strong>Welche Unterlagen sollte ich zur ersten Einsch\u00e4tzung bereithalten?<\/strong><p>Hilfreich sind Arbeitsvertrag, Zusatzvereinbarungen, K\u00fcndigung\/Abmahnungen, Gehaltsabrechnungen, Arbeitszeitnachweise, relevante Kommunikation (E\u2011Mail\/Chat) sowie Informationen zu Urlaub und \u00dcberstunden. In Branchen mit Schicht- oder Produktionsbezug (z. B. Logistik\/Transport oder Lebensmittelproduktion) sind Einsatzpl\u00e4ne und Zeiterfassung besonders aussagekr\u00e4ftig. So l\u00e4sst sich schneller kl\u00e4ren, welche Schritte sinnvoll sein k\u00f6nnen.<\/p><\/li><\/ul>","so_city":"","so_region":"","so_ag":"","so_lag":"","so_branches":"","two_page_speed":[],"footnotes":""},"class_list":["post-8249","page","type-page","status-publish","has-post-thumbnail","hentry"],"yoast_head":"<!-- This site is optimized with the Yoast SEO Premium plugin v27.1 (Yoast SEO v27.4) - https:\/\/yoast.com\/product\/yoast-seo-premium-wordpress\/ -->\n<title>Arbeitsrecht f\u00fcr Achim: K\u00fcndigung &amp; Aufhebungsvertrag<\/title>\n<meta name=\"description\" content=\"Arbeitsrecht f\u00fcr Achim: Unterst\u00fctzung bei K\u00fcndigung, Abmahnung, Aufhebungsvertrag und Zeugnis. Fristen beachten!\" \/>\n<meta name=\"robots\" content=\"index, follow, max-snippet:-1, max-image-preview:large, max-video-preview:-1\" \/>\n<link rel=\"canonical\" href=\"https:\/\/so-anwaelte.de\/fa\/\u0642\u0627\u0646\u0648\u0646-\u06a9\u0627\u0631\/kuendigungsschutz-achim\/\" \/>\n<meta property=\"og:locale\" content=\"fa_IR\" \/>\n<meta property=\"og:type\" content=\"article\" \/>\n<meta property=\"og:title\" content=\"Arbeitsrecht f\u00fcr Achim: K\u00fcndigung, Aufhebungsvertrag und Ihre n\u00e4chsten Schritte\" \/>\n<meta property=\"og:description\" content=\"Arbeitsrecht f\u00fcr Achim: Unterst\u00fctzung bei K\u00fcndigung, Abmahnung, Aufhebungsvertrag und Zeugnis. Fristen beachten!\" \/>\n<meta property=\"og:url\" content=\"https:\/\/so-anwaelte.de\/fa\/\u0642\u0627\u0646\u0648\u0646-\u06a9\u0627\u0631\/kuendigungsschutz-achim\/\" \/>\n<meta property=\"og:site_name\" content=\"Steveker &amp; Odebrecht - Anwaltskanzlei\" \/>\n<meta property=\"article:modified_time\" content=\"2026-03-05T14:26:59+00:00\" \/>\n<meta property=\"og:image\" content=\"https:\/\/so-anwaelte.de\/wp-content\/uploads\/2026\/03\/Kuendigung_Fachanwalt_fuer_Arbeitsrecht_60.png\" \/>\n\t<meta property=\"og:image:width\" content=\"1456\" \/>\n\t<meta property=\"og:image:height\" content=\"816\" \/>\n\t<meta property=\"og:image:type\" content=\"image\/png\" \/>\n<meta name=\"twitter:card\" content=\"summary_large_image\" \/>\n<meta name=\"twitter:label1\" content=\"\u0632\u0645\u0627\u0646 \u062a\u0642\u0631\u06cc\u0628\u06cc \u0628\u0631\u0627\u06cc \u062e\u0648\u0627\u0646\u062f\u0646\" \/>\n\t<meta name=\"twitter:data1\" content=\"1 \u062f\u0642\u06cc\u0642\u0647\" \/>\n<script type=\"application\/ld+json\" class=\"yoast-schema-graph\">{\"@context\":\"https:\\\/\\\/schema.org\",\"@graph\":[{\"@type\":\"WebPage\",\"@id\":\"https:\\\/\\\/so-anwaelte.de\\\/arbeitsrecht\\\/kuendigungsschutz-achim\\\/\",\"url\":\"https:\\\/\\\/so-anwaelte.de\\\/arbeitsrecht\\\/kuendigungsschutz-achim\\\/\",\"name\":\"Arbeitsrecht f\u00fcr Achim: K\u00fcndigung & Aufhebungsvertrag\",\"isPartOf\":{\"@id\":\"https:\\\/\\\/so-anwaelte.de\\\/#website\"},\"primaryImageOfPage\":{\"@id\":\"https:\\\/\\\/so-anwaelte.de\\\/arbeitsrecht\\\/kuendigungsschutz-achim\\\/#primaryimage\"},\"image\":{\"@id\":\"https:\\\/\\\/so-anwaelte.de\\\/arbeitsrecht\\\/kuendigungsschutz-achim\\\/#primaryimage\"},\"thumbnailUrl\":\"https:\\\/\\\/so-anwaelte.de\\\/wp-content\\\/uploads\\\/2026\\\/03\\\/Kuendigung_Fachanwalt_fuer_Arbeitsrecht_60.png\",\"datePublished\":\"2026-03-05T14:26:57+00:00\",\"dateModified\":\"2026-03-05T14:26:59+00:00\",\"description\":\"Arbeitsrecht f\u00fcr Achim: Unterst\u00fctzung bei K\u00fcndigung, Abmahnung, Aufhebungsvertrag und Zeugnis. Fristen beachten!\",\"breadcrumb\":{\"@id\":\"https:\\\/\\\/so-anwaelte.de\\\/arbeitsrecht\\\/kuendigungsschutz-achim\\\/#breadcrumb\"},\"inLanguage\":\"fa-IR\",\"potentialAction\":[{\"@type\":\"ReadAction\",\"target\":[\"https:\\\/\\\/so-anwaelte.de\\\/arbeitsrecht\\\/kuendigungsschutz-achim\\\/\"]}]},{\"@type\":\"ImageObject\",\"inLanguage\":\"fa-IR\",\"@id\":\"https:\\\/\\\/so-anwaelte.de\\\/arbeitsrecht\\\/kuendigungsschutz-achim\\\/#primaryimage\",\"url\":\"https:\\\/\\\/so-anwaelte.de\\\/wp-content\\\/uploads\\\/2026\\\/03\\\/Kuendigung_Fachanwalt_fuer_Arbeitsrecht_60.png\",\"contentUrl\":\"https:\\\/\\\/so-anwaelte.de\\\/wp-content\\\/uploads\\\/2026\\\/03\\\/Kuendigung_Fachanwalt_fuer_Arbeitsrecht_60.png\",\"width\":1456,\"height\":816},{\"@type\":\"BreadcrumbList\",\"@id\":\"https:\\\/\\\/so-anwaelte.de\\\/arbeitsrecht\\\/kuendigungsschutz-achim\\\/#breadcrumb\",\"itemListElement\":[{\"@type\":\"ListItem\",\"position\":1,\"name\":\"Home\",\"item\":\"https:\\\/\\\/so-anwaelte.de\\\/\"},{\"@type\":\"ListItem\",\"position\":2,\"name\":\"Arbeitsrecht\",\"item\":\"https:\\\/\\\/so-anwaelte.de\\\/arbeitsrecht\\\/\"},{\"@type\":\"ListItem\",\"position\":3,\"name\":\"Arbeitsrecht f\u00fcr Achim: K\u00fcndigung, Aufhebungsvertrag und Ihre n\u00e4chsten Schritte\"}]},{\"@type\":\"WebSite\",\"@id\":\"https:\\\/\\\/so-anwaelte.de\\\/#website\",\"url\":\"https:\\\/\\\/so-anwaelte.de\\\/\",\"name\":\"Steveker & Odebrecht - Anwaltskanzlei\",\"description\":\"\",\"publisher\":{\"@id\":\"https:\\\/\\\/so-anwaelte.de\\\/#organization\"},\"potentialAction\":[{\"@type\":\"SearchAction\",\"target\":{\"@type\":\"EntryPoint\",\"urlTemplate\":\"https:\\\/\\\/so-anwaelte.de\\\/?s={search_term_string}\"},\"query-input\":{\"@type\":\"PropertyValueSpecification\",\"valueRequired\":true,\"valueName\":\"search_term_string\"}}],\"inLanguage\":\"fa-IR\"},{\"@type\":[\"Organization\",\"Place\",\"Attorney\"],\"@id\":\"https:\\\/\\\/so-anwaelte.de\\\/#organization\",\"name\":\"Steveker & Odebrecht PartmbB\",\"url\":\"https:\\\/\\\/so-anwaelte.de\\\/\",\"logo\":{\"@type\":\"ImageObject\",\"inLanguage\":\"fa-IR\",\"@id\":\"https:\\\/\\\/so-anwaelte.de\\\/#\\\/schema\\\/logo\\\/image\\\/\",\"url\":\"https:\\\/\\\/so-anwaelte.de\\\/wp-content\\\/uploads\\\/2025\\\/04\\\/customcolor_logo_transparent_background-scaled.png\",\"contentUrl\":\"https:\\\/\\\/so-anwaelte.de\\\/wp-content\\\/uploads\\\/2025\\\/04\\\/customcolor_logo_transparent_background-scaled.png\",\"width\":2560,\"height\":1536,\"caption\":\"Steveker & Odebrecht PartmbB\"},\"image\":{\"@id\":\"https:\\\/\\\/so-anwaelte.de\\\/#\\\/schema\\\/logo\\\/image\\\/\"},\"legalName\":\"Steveker & Odebrecht PartmbB\",\"foundingDate\":\"2025-07-01\",\"numberOfEmployees\":{\"@type\":\"QuantitativeValue\",\"minValue\":\"11\",\"maxValue\":\"50\"},\"telephone\":[],\"vatID\":\"DE454806485\"}]}<\/script>\n<!-- \/ Yoast SEO Premium plugin. -->","yoast_head_json":{"title":"Arbeitsrecht f\u00fcr Achim: K\u00fcndigung & Aufhebungsvertrag","description":"Arbeitsrecht f\u00fcr Achim: Unterst\u00fctzung bei K\u00fcndigung, Abmahnung, Aufhebungsvertrag und Zeugnis. Fristen beachten!","robots":{"index":"index","follow":"follow","max-snippet":"max-snippet:-1","max-image-preview":"max-image-preview:large","max-video-preview":"max-video-preview:-1"},"canonical":"https:\/\/so-anwaelte.de\/fa\/\u0642\u0627\u0646\u0648\u0646-\u06a9\u0627\u0631\/kuendigungsschutz-achim\/","og_locale":"fa_IR","og_type":"article","og_title":"Arbeitsrecht f\u00fcr Achim: K\u00fcndigung, Aufhebungsvertrag und Ihre n\u00e4chsten Schritte","og_description":"Arbeitsrecht f\u00fcr Achim: Unterst\u00fctzung bei K\u00fcndigung, Abmahnung, Aufhebungsvertrag und Zeugnis. Fristen beachten!","og_url":"https:\/\/so-anwaelte.de\/fa\/\u0642\u0627\u0646\u0648\u0646-\u06a9\u0627\u0631\/kuendigungsschutz-achim\/","og_site_name":"Steveker &amp; Odebrecht - Anwaltskanzlei","article_modified_time":"2026-03-05T14:26:59+00:00","og_image":[{"width":1456,"height":816,"url":"https:\/\/so-anwaelte.de\/wp-content\/uploads\/2026\/03\/Kuendigung_Fachanwalt_fuer_Arbeitsrecht_60.png","type":"image\/png"}],"twitter_card":"summary_large_image","twitter_misc":{"\u0632\u0645\u0627\u0646 \u062a\u0642\u0631\u06cc\u0628\u06cc \u0628\u0631\u0627\u06cc \u062e\u0648\u0627\u0646\u062f\u0646":"1 \u062f\u0642\u06cc\u0642\u0647"},"schema":{"@context":"https:\/\/schema.org","@graph":[{"@type":"WebPage","@id":"https:\/\/so-anwaelte.de\/arbeitsrecht\/kuendigungsschutz-achim\/","url":"https:\/\/so-anwaelte.de\/arbeitsrecht\/kuendigungsschutz-achim\/","name":"Arbeitsrecht f\u00fcr Achim: K\u00fcndigung & Aufhebungsvertrag","isPartOf":{"@id":"https:\/\/so-anwaelte.de\/#website"},"primaryImageOfPage":{"@id":"https:\/\/so-anwaelte.de\/arbeitsrecht\/kuendigungsschutz-achim\/#primaryimage"},"image":{"@id":"https:\/\/so-anwaelte.de\/arbeitsrecht\/kuendigungsschutz-achim\/#primaryimage"},"thumbnailUrl":"https:\/\/so-anwaelte.de\/wp-content\/uploads\/2026\/03\/Kuendigung_Fachanwalt_fuer_Arbeitsrecht_60.png","datePublished":"2026-03-05T14:26:57+00:00","dateModified":"2026-03-05T14:26:59+00:00","description":"Arbeitsrecht f\u00fcr Achim: Unterst\u00fctzung bei K\u00fcndigung, Abmahnung, Aufhebungsvertrag und Zeugnis. Fristen beachten!","breadcrumb":{"@id":"https:\/\/so-anwaelte.de\/arbeitsrecht\/kuendigungsschutz-achim\/#breadcrumb"},"inLanguage":"fa-IR","potentialAction":[{"@type":"ReadAction","target":["https:\/\/so-anwaelte.de\/arbeitsrecht\/kuendigungsschutz-achim\/"]}]},{"@type":"ImageObject","inLanguage":"fa-IR","@id":"https:\/\/so-anwaelte.de\/arbeitsrecht\/kuendigungsschutz-achim\/#primaryimage","url":"https:\/\/so-anwaelte.de\/wp-content\/uploads\/2026\/03\/Kuendigung_Fachanwalt_fuer_Arbeitsrecht_60.png","contentUrl":"https:\/\/so-anwaelte.de\/wp-content\/uploads\/2026\/03\/Kuendigung_Fachanwalt_fuer_Arbeitsrecht_60.png","width":1456,"height":816},{"@type":"BreadcrumbList","@id":"https:\/\/so-anwaelte.de\/arbeitsrecht\/kuendigungsschutz-achim\/#breadcrumb","itemListElement":[{"@type":"ListItem","position":1,"name":"Home","item":"https:\/\/so-anwaelte.de\/"},{"@type":"ListItem","position":2,"name":"Arbeitsrecht","item":"https:\/\/so-anwaelte.de\/arbeitsrecht\/"},{"@type":"ListItem","position":3,"name":"Arbeitsrecht f\u00fcr Achim: K\u00fcndigung, Aufhebungsvertrag und Ihre n\u00e4chsten Schritte"}]},{"@type":"WebSite","@id":"https:\/\/so-anwaelte.de\/#website","url":"https:\/\/so-anwaelte.de\/","name":"Steveker &amp; Odebrecht - \u0645\u0648\u0633\u0633\u0647 \u062d\u0642\u0648\u0642\u06cc","description":"","publisher":{"@id":"https:\/\/so-anwaelte.de\/#organization"},"potentialAction":[{"@type":"SearchAction","target":{"@type":"EntryPoint","urlTemplate":"https:\/\/so-anwaelte.de\/?s={search_term_string}"},"query-input":{"@type":"PropertyValueSpecification","valueRequired":true,"valueName":"search_term_string"}}],"inLanguage":"fa-IR"},{"@type":["Organization","Place","Attorney"],"@id":"https:\/\/so-anwaelte.de\/#organization","name":"Steveker & Odebrecht PartmbB","url":"https:\/\/so-anwaelte.de\/","logo":{"@type":"ImageObject","inLanguage":"fa-IR","@id":"https:\/\/so-anwaelte.de\/#\/schema\/logo\/image\/","url":"https:\/\/so-anwaelte.de\/wp-content\/uploads\/2025\/04\/customcolor_logo_transparent_background-scaled.png","contentUrl":"https:\/\/so-anwaelte.de\/wp-content\/uploads\/2025\/04\/customcolor_logo_transparent_background-scaled.png","width":2560,"height":1536,"caption":"Steveker & Odebrecht PartmbB"},"image":{"@id":"https:\/\/so-anwaelte.de\/#\/schema\/logo\/image\/"},"legalName":"Steveker & Odebrecht PartmbB","foundingDate":"2025-07-01","numberOfEmployees":{"@type":"QuantitativeValue","minValue":"11","maxValue":"50"},"telephone":[],"vatID":"DE454806485"}]}},"_links":{"self":[{"href":"https:\/\/so-anwaelte.de\/fa\/wp-json\/wp\/v2\/pages\/8249","targetHints":{"allow":["GET"]}}],"collection":[{"href":"https:\/\/so-anwaelte.de\/fa\/wp-json\/wp\/v2\/pages"}],"about":[{"href":"https:\/\/so-anwaelte.de\/fa\/wp-json\/wp\/v2\/types\/page"}],"author":[{"embeddable":true,"href":"https:\/\/so-anwaelte.de\/fa\/wp-json\/wp\/v2\/users\/7"}],"replies":[{"embeddable":true,"href":"https:\/\/so-anwaelte.de\/fa\/wp-json\/wp\/v2\/comments?post=8249"}],"version-history":[{"count":0,"href":"https:\/\/so-anwaelte.de\/fa\/wp-json\/wp\/v2\/pages\/8249\/revisions"}],"up":[{"embeddable":true,"href":"https:\/\/so-anwaelte.de\/fa\/wp-json\/wp\/v2\/pages\/182"}],"wp:featuredmedia":[{"embeddable":true,"href":"https:\/\/so-anwaelte.de\/fa\/wp-json\/wp\/v2\/media\/8214"}],"wp:attachment":[{"href":"https:\/\/so-anwaelte.de\/fa\/wp-json\/wp\/v2\/media?parent=8249"}],"curies":[{"name":"wp","href":"https:\/\/api.w.org\/{rel}","templated":true}]}}