{"id":7096,"date":"2025-12-08T11:50:56","date_gmt":"2025-12-08T11:50:56","guid":{"rendered":"https:\/\/so-anwaelte.de\/?page_id=7096"},"modified":"2025-12-08T11:50:59","modified_gmt":"2025-12-08T11:50:59","slug":"anwalt-verkehrsrecht-kirchdorf-unterstuetzung-nach-dem-verkehrsunfall","status":"publish","type":"page","link":"https:\/\/so-anwaelte.de\/fa\/verkehrsrecht\/anwalt-verkehrsrecht-kirchdorf-unterstuetzung-nach-dem-verkehrsunfall\/","title":{"rendered":"Anwalt Verkehrsrecht Kirchdorf \u2013 Unterst\u00fctzung nach dem Verkehrsunfall"},"content":{"rendered":"<div data-elementor-type=\"wp-page\" data-elementor-id=\"7096\" class=\"elementor elementor-7096\" data-elementor-post-type=\"page\">\n\t\t\t\t<div class=\"elementor-element elementor-element-e387282 e-flex e-con-boxed wpr-particle-no wpr-jarallax-no wpr-parallax-no wpr-sticky-section-no e-con e-parent\" data-id=\"e387282\" data-element_type=\"container\" data-e-type=\"container\" data-settings=\"{&quot;background_background&quot;:&quot;classic&quot;}\">\n\t\t\t\t\t<div class=\"e-con-inner\">\n\t\t<div class=\"elementor-element elementor-element-2851b115 e-con-full e-flex wpr-particle-no wpr-jarallax-no wpr-parallax-no wpr-sticky-section-no e-con e-child\" data-id=\"2851b115\" data-element_type=\"container\" data-e-type=\"container\" data-settings=\"{&quot;background_background&quot;:&quot;classic&quot;}\">\n\t\t<div class=\"elementor-element elementor-element-36c79a8f e-con-full e-flex wpr-particle-no wpr-jarallax-no wpr-parallax-no wpr-sticky-section-no e-con e-child\" data-id=\"36c79a8f\" data-element_type=\"container\" data-e-type=\"container\">\n\t\t\t\t<div class=\"elementor-element elementor-element-1ef75915 elementor-align-center elementor-invisible elementor-widget elementor-widget-button\" data-id=\"1ef75915\" data-element_type=\"widget\" data-e-type=\"widget\" data-settings=\"{&quot;_animation&quot;:&quot;fadeInUp&quot;}\" data-widget_type=\"button.default\">\n\t\t\t\t<div class=\"elementor-widget-container\">\n\t\t\t\t\t\t\t\t\t<div class=\"elementor-button-wrapper\">\n\t\t\t\t\t<a class=\"elementor-button elementor-button-link elementor-size-sm\" href=\"https:\/\/form.advobox.com\/steveker-odebrecht\/kontaktanfrage\/\" target=\"_blank\">\n\t\t\t\t\t\t<span class=\"elementor-button-content-wrapper\">\n\t\t\t\t\t\t\t\t\t<span class=\"elementor-button-text\">\u0628\u0627 \u0645\u0627 \u062a\u0645\u0627\u0633 \u0628\u06af\u06cc\u0631\u06cc\u062f!<\/span>\n\t\t\t\t\t<\/span>\n\t\t\t\t\t<\/a>\n\t\t\t\t<\/div>\n\t\t\t\t\t\t\t\t<\/div>\n\t\t\t\t<\/div>\n\t\t\t\t<div class=\"elementor-element elementor-element-30b9f1bb elementor-widget__width-initial elementor-widget-mobile__width-inherit elementor-widget-tablet__width-initial elementor-align-center elementor-icon-list--layout-traditional elementor-list-item-link-full_width elementor-widget elementor-widget-icon-list\" data-id=\"30b9f1bb\" data-element_type=\"widget\" data-e-type=\"widget\" data-widget_type=\"icon-list.default\">\n\t\t\t\t<div class=\"elementor-widget-container\">\n\t\t\t\t\t\t\t<ul class=\"elementor-icon-list-items\">\n\t\t\t\t\t\t\t<li class=\"elementor-icon-list-item\">\n\t\t\t\t\t\t\t\t\t\t\t<span class=\"elementor-icon-list-icon\">\n\t\t\t\t\t\t\t<svg aria-hidden=\"true\" class=\"e-font-icon-svg e-fas-phone-alt\" viewbox=\"0 0 512 512\" xmlns=\"http:\/\/www.w3.org\/2000\/svg\"><path d=\"M497.39 361.8l-112-48a24 24 0 0 0-28 6.9l-49.6 60.6A370.66 370.66 0 0 1 130.6 204.11l60.6-49.6a23.94 23.94 0 0 0 6.9-28l-48-112A24.16 24.16 0 0 0 122.6.61l-104 24A24 24 0 0 0 0 48c0 256.5 207.9 464 464 464a24 24 0 0 0 23.4-18.6l24-104a24.29 24.29 0 0 0-14.01-27.6z\"><\/path><\/svg>\t\t\t\t\t\t<\/span>\n\t\t\t\t\t\t\t\t\t\t<span class=\"elementor-icon-list-text\"><a href=\"tel:+49 4271 8009292\">+49 4271 8009292<\/a><\/span>\n\t\t\t\t\t\t\t\t\t<\/li>\n\t\t\t\t\t\t<\/ul>\n\t\t\t\t\t\t<\/div>\n\t\t\t\t<\/div>\n\t\t\t\t<div class=\"elementor-element elementor-element-60b0dad5 elementor-widget__width-initial elementor-widget-mobile__width-inherit elementor-widget-tablet__width-initial elementor-align-center elementor-icon-list--layout-traditional elementor-list-item-link-full_width elementor-widget elementor-widget-icon-list\" data-id=\"60b0dad5\" data-element_type=\"widget\" data-e-type=\"widget\" data-widget_type=\"icon-list.default\">\n\t\t\t\t<div class=\"elementor-widget-container\">\n\t\t\t\t\t\t\t<ul class=\"elementor-icon-list-items\">\n\t\t\t\t\t\t\t<li class=\"elementor-icon-list-item\">\n\t\t\t\t\t\t\t\t\t\t\t<span class=\"elementor-icon-list-icon\">\n\t\t\t\t\t\t\t<svg aria-hidden=\"true\" class=\"e-font-icon-svg e-fas-phone-alt\" viewbox=\"0 0 512 512\" xmlns=\"http:\/\/www.w3.org\/2000\/svg\"><path d=\"M497.39 361.8l-112-48a24 24 0 0 0-28 6.9l-49.6 60.6A370.66 370.66 0 0 1 130.6 204.11l60.6-49.6a23.94 23.94 0 0 0 6.9-28l-48-112A24.16 24.16 0 0 0 122.6.61l-104 24A24 24 0 0 0 0 48c0 256.5 207.9 464 464 464a24 24 0 0 0 23.4-18.6l24-104a24.29 24.29 0 0 0-14.01-27.6z\"><\/path><\/svg>\t\t\t\t\t\t<\/span>\n\t\t\t\t\t\t\t\t\t\t<span class=\"elementor-icon-list-text\"><a href=\"tel:+49 421 3288220\">+49 421 3288220<\/a><\/span>\n\t\t\t\t\t\t\t\t\t<\/li>\n\t\t\t\t\t\t<\/ul>\n\t\t\t\t\t\t<\/div>\n\t\t\t\t<\/div>\n\t\t\t\t<div class=\"elementor-element elementor-element-3099a6e3 elementor-widget__width-initial elementor-widget-mobile__width-inherit elementor-widget-tablet__width-initial elementor-align-center elementor-icon-list--layout-traditional elementor-list-item-link-full_width elementor-widget elementor-widget-icon-list\" data-id=\"3099a6e3\" data-element_type=\"widget\" data-e-type=\"widget\" data-widget_type=\"icon-list.default\">\n\t\t\t\t<div class=\"elementor-widget-container\">\n\t\t\t\t\t\t\t<ul class=\"elementor-icon-list-items\">\n\t\t\t\t\t\t\t<li class=\"elementor-icon-list-item\">\n\t\t\t\t\t\t\t\t\t\t\t<span class=\"elementor-icon-list-icon\">\n\t\t\t\t\t\t\t<svg aria-hidden=\"true\" class=\"e-font-icon-svg e-fas-phone-alt\" viewbox=\"0 0 512 512\" xmlns=\"http:\/\/www.w3.org\/2000\/svg\"><path d=\"M497.39 361.8l-112-48a24 24 0 0 0-28 6.9l-49.6 60.6A370.66 370.66 0 0 1 130.6 204.11l60.6-49.6a23.94 23.94 0 0 0 6.9-28l-48-112A24.16 24.16 0 0 0 122.6.61l-104 24A24 24 0 0 0 0 48c0 256.5 207.9 464 464 464a24 24 0 0 0 23.4-18.6l24-104a24.29 24.29 0 0 0-14.01-27.6z\"><\/path><\/svg>\t\t\t\t\t\t<\/span>\n\t\t\t\t\t\t\t\t\t\t<span class=\"elementor-icon-list-text\"><a href=\"tel:+49 541 93939049\">+49 541 93939049<\/a><\/span>\n\t\t\t\t\t\t\t\t\t<\/li>\n\t\t\t\t\t\t<\/ul>\n\t\t\t\t\t\t<\/div>\n\t\t\t\t<\/div>\n\t\t<div class=\"elementor-element elementor-element-16ac16f3 e-con-full e-flex wpr-particle-no wpr-jarallax-no wpr-parallax-no wpr-sticky-section-no e-con e-child\" data-id=\"16ac16f3\" data-element_type=\"container\" data-e-type=\"container\">\n\t\t<div class=\"elementor-element elementor-element-656dc9ac e-con-full e-flex wpr-particle-no wpr-jarallax-no wpr-parallax-no wpr-sticky-section-no e-con e-child\" data-id=\"656dc9ac\" data-element_type=\"container\" data-e-type=\"container\">\n\t\t\t\t<div class=\"elementor-element elementor-element-1831b4ef elementor-widget elementor-widget-image\" data-id=\"1831b4ef\" data-element_type=\"widget\" data-e-type=\"widget\" data-widget_type=\"image.default\">\n\t\t\t\t<div class=\"elementor-widget-container\">\n\t\t\t\t\t\t\t\t\t\t\t\t\t\t\t<img fetchpriority=\"high\" decoding=\"async\" width=\"424\" height=\"600\" src=\"https:\/\/so-anwaelte.de\/wp-content\/uploads\/2025\/06\/ra_stev_89482_A_portrait_of_femal_lawyer_with_short_hair_in_h_8b5cb15e-03b9-4371-9a31-139f48e9cbf0_1-424x600.png\" class=\"attachment-tenweb_optimizer_mobile size-tenweb_optimizer_mobile wp-image-3488\" alt=\"\" srcset=\"https:\/\/so-anwaelte.de\/wp-content\/uploads\/2025\/06\/ra_stev_89482_A_portrait_of_femal_lawyer_with_short_hair_in_h_8b5cb15e-03b9-4371-9a31-139f48e9cbf0_1-424x600.png 424w, https:\/\/so-anwaelte.de\/wp-content\/uploads\/2025\/06\/ra_stev_89482_A_portrait_of_femal_lawyer_with_short_hair_in_h_8b5cb15e-03b9-4371-9a31-139f48e9cbf0_1-212x300.png 212w, https:\/\/so-anwaelte.de\/wp-content\/uploads\/2025\/06\/ra_stev_89482_A_portrait_of_femal_lawyer_with_short_hair_in_h_8b5cb15e-03b9-4371-9a31-139f48e9cbf0_1-724x1024.png 724w, https:\/\/so-anwaelte.de\/wp-content\/uploads\/2025\/06\/ra_stev_89482_A_portrait_of_femal_lawyer_with_short_hair_in_h_8b5cb15e-03b9-4371-9a31-139f48e9cbf0_1-768x1086.png 768w, https:\/\/so-anwaelte.de\/wp-content\/uploads\/2025\/06\/ra_stev_89482_A_portrait_of_femal_lawyer_with_short_hair_in_h_8b5cb15e-03b9-4371-9a31-139f48e9cbf0_1.png 928w\" sizes=\"(max-width: 424px) 100vw, 424px\" \/>\t\t\t\t\t\t\t\t\t\t\t\t\t\t\t<\/div>\n\t\t\t\t<\/div>\n\t\t\t\t<div class=\"elementor-element elementor-element-8067ea6 elementor-widget elementor-widget-text-editor\" data-id=\"8067ea6\" data-element_type=\"widget\" data-e-type=\"widget\" data-widget_type=\"text-editor.default\">\n\t\t\t\t<div class=\"elementor-widget-container\">\n\t\t\t\t\t\t\t\t\t<p>Kim Mirow<br \/>\u0648\u06a9\u06cc\u0644<\/p>\t\t\t\t\t\t\t\t<\/div>\n\t\t\t\t<\/div>\n\t\t\t\t<div class=\"elementor-element elementor-element-612a2d20 elementor-widget elementor-widget-image\" data-id=\"612a2d20\" data-element_type=\"widget\" data-e-type=\"widget\" data-widget_type=\"image.default\">\n\t\t\t\t<div class=\"elementor-widget-container\">\n\t\t\t\t\t\t\t\t\t\t\t\t\t\t\t<img decoding=\"async\" width=\"600\" height=\"146\" src=\"https:\/\/so-anwaelte.de\/wp-content\/uploads\/2025\/04\/logo-mitglied-arge-verkehrsrecht-1-600x146.jpg\" class=\"attachment-tenweb_optimizer_mobile size-tenweb_optimizer_mobile wp-image-271\" alt=\"\" srcset=\"https:\/\/so-anwaelte.de\/wp-content\/uploads\/2025\/04\/logo-mitglied-arge-verkehrsrecht-1-600x146.jpg 600w, https:\/\/so-anwaelte.de\/wp-content\/uploads\/2025\/04\/logo-mitglied-arge-verkehrsrecht-1-300x73.jpg 300w, https:\/\/so-anwaelte.de\/wp-content\/uploads\/2025\/04\/logo-mitglied-arge-verkehrsrecht-1-1024x249.jpg 1024w, https:\/\/so-anwaelte.de\/wp-content\/uploads\/2025\/04\/logo-mitglied-arge-verkehrsrecht-1-768x187.jpg 768w, https:\/\/so-anwaelte.de\/wp-content\/uploads\/2025\/04\/logo-mitglied-arge-verkehrsrecht-1.jpg 1514w\" sizes=\"(max-width: 600px) 100vw, 600px\" \/>\t\t\t\t\t\t\t\t\t\t\t\t\t\t\t<\/div>\n\t\t\t\t<\/div>\n\t\t\t\t<\/div>\n\t\t<div class=\"elementor-element elementor-element-455d7552 e-con-full e-flex wpr-particle-no wpr-jarallax-no wpr-parallax-no wpr-sticky-section-no e-con e-child\" data-id=\"455d7552\" data-element_type=\"container\" data-e-type=\"container\">\n\t\t\t\t<div class=\"elementor-element elementor-element-5644e07d elementor-widget elementor-widget-image\" data-id=\"5644e07d\" data-element_type=\"widget\" data-e-type=\"widget\" data-widget_type=\"image.default\">\n\t\t\t\t<div class=\"elementor-widget-container\">\n\t\t\t\t\t\t\t\t\t\t\t\t\t\t\t<img decoding=\"async\" width=\"405\" height=\"600\" src=\"https:\/\/so-anwaelte.de\/wp-content\/uploads\/2025\/06\/ra_stev_89482_A_professional_photograph_of_a_lawyer_with_shor_abfe35bf-f294-441b-ba8c-4cc274a4893e_3-405x600.png\" class=\"attachment-tenweb_optimizer_mobile size-tenweb_optimizer_mobile wp-image-3425\" alt=\"\" srcset=\"https:\/\/so-anwaelte.de\/wp-content\/uploads\/2025\/06\/ra_stev_89482_A_professional_photograph_of_a_lawyer_with_shor_abfe35bf-f294-441b-ba8c-4cc274a4893e_3-405x600.png 405w, https:\/\/so-anwaelte.de\/wp-content\/uploads\/2025\/06\/ra_stev_89482_A_professional_photograph_of_a_lawyer_with_shor_abfe35bf-f294-441b-ba8c-4cc274a4893e_3-202x300.png 202w, https:\/\/so-anwaelte.de\/wp-content\/uploads\/2025\/06\/ra_stev_89482_A_professional_photograph_of_a_lawyer_with_shor_abfe35bf-f294-441b-ba8c-4cc274a4893e_3-691x1024.png 691w, https:\/\/so-anwaelte.de\/wp-content\/uploads\/2025\/06\/ra_stev_89482_A_professional_photograph_of_a_lawyer_with_shor_abfe35bf-f294-441b-ba8c-4cc274a4893e_3-768x1138.png 768w, https:\/\/so-anwaelte.de\/wp-content\/uploads\/2025\/06\/ra_stev_89482_A_professional_photograph_of_a_lawyer_with_shor_abfe35bf-f294-441b-ba8c-4cc274a4893e_3.png 896w\" sizes=\"(max-width: 405px) 100vw, 405px\" \/>\t\t\t\t\t\t\t\t\t\t\t\t\t\t\t<\/div>\n\t\t\t\t<\/div>\n\t\t\t\t<div class=\"elementor-element elementor-element-349299f1 elementor-widget elementor-widget-text-editor\" data-id=\"349299f1\" data-element_type=\"widget\" data-e-type=\"widget\" data-widget_type=\"text-editor.default\">\n\t\t\t\t<div class=\"elementor-widget-container\">\n\t\t\t\t\t\t\t\t\t<p style=\"text-align: center;\">Bj\u00f6rn Steveker<br \/>\u0648\u06a9\u06cc\u0644<\/p>\t\t\t\t\t\t\t\t<\/div>\n\t\t\t\t<\/div>\n\t\t\t\t<div class=\"elementor-element elementor-element-2d1190d1 elementor-widget elementor-widget-image\" data-id=\"2d1190d1\" data-element_type=\"widget\" data-e-type=\"widget\" data-widget_type=\"image.default\">\n\t\t\t\t<div class=\"elementor-widget-container\">\n\t\t\t\t\t\t\t\t\t\t\t\t\t\t\t<img loading=\"lazy\" decoding=\"async\" width=\"600\" height=\"146\" src=\"https:\/\/so-anwaelte.de\/wp-content\/uploads\/2025\/06\/logo_mitglied_arge_arbeitsrecht_1-600x146.jpg\" class=\"attachment-tenweb_optimizer_mobile size-tenweb_optimizer_mobile wp-image-3841\" alt=\"\" srcset=\"https:\/\/so-anwaelte.de\/wp-content\/uploads\/2025\/06\/logo_mitglied_arge_arbeitsrecht_1-600x146.jpg 600w, https:\/\/so-anwaelte.de\/wp-content\/uploads\/2025\/06\/logo_mitglied_arge_arbeitsrecht_1-300x73.jpg 300w, https:\/\/so-anwaelte.de\/wp-content\/uploads\/2025\/06\/logo_mitglied_arge_arbeitsrecht_1-1024x249.jpg 1024w, https:\/\/so-anwaelte.de\/wp-content\/uploads\/2025\/06\/logo_mitglied_arge_arbeitsrecht_1-768x187.jpg 768w, https:\/\/so-anwaelte.de\/wp-content\/uploads\/2025\/06\/logo_mitglied_arge_arbeitsrecht_1.jpg 1514w\" sizes=\"(max-width: 600px) 100vw, 600px\" \/>\t\t\t\t\t\t\t\t\t\t\t\t\t\t\t<\/div>\n\t\t\t\t<\/div>\n\t\t\t\t<\/div>\n\t\t\t\t<\/div>\n\t\t\t\t<\/div>\n\t\t<div class=\"elementor-element elementor-element-59740db0 e-con-full e-flex wpr-particle-no wpr-jarallax-no wpr-parallax-no wpr-sticky-section-no e-con e-child\" data-id=\"59740db0\" data-element_type=\"container\" data-e-type=\"container\">\n\t\t\t\t<div class=\"elementor-element elementor-element-58538ea3 elementor-widget__width-initial elementor-widget elementor-widget-text-editor\" data-id=\"58538ea3\" data-element_type=\"widget\" data-e-type=\"widget\" data-widget_type=\"text-editor.default\">\n\t\t\t\t<div class=\"elementor-widget-container\">\n\t\t\t\t\t\t\t\t\t<h1>Anwalt Verkehrsrecht Kirchdorf \u2013 Unterst\u00fctzung nach dem Verkehrsunfall<\/h1><p>Ein Moment der Unachtsamkeit auf der B 61 zwischen Sulingen und Diepholz, ein Auffahrunfall auf der L 349 bei Kirchdorf oder ein Zusammensto\u00df im Ortskern: Nach einem Verkehrsunfall stehen Sie schnell vor vielen Fragen. Wer haftet? Zahlt die gegnerische Haftpflichtversicherung wirklich \u201ealles\u201c? Und welche Anspr\u00fcche \u00fcbersehen Betroffene typischerweise?<\/p><p>Die Kanzlei <strong>\u0627\u0633\u062a\u06cc\u0648\u06a9\u0631 \u0648 \u0627\u0648\u062f\u0628\u0631\u0634\u062a \u0628\u062e\u0634B<\/strong> mit Standorten u. a. in Sulingen unterst\u00fctzt Sie bei der vollst\u00e4ndigen <strong>Verkehrsunfallregulierung f\u00fcr Kirchdorf und die Samtgemeinde Kirchdorf<\/strong> \u2013 von der ersten Meldung an die Versicherung bis zur gerichtlichen Durchsetzung Ihrer Anspr\u00fcche.<\/p><hr \/><h2>Nach dem Unfall in Kirchdorf: Warum ein Anwalt f\u00fcr Verkehrsrecht wichtig ist<\/h2><p>Gerade nach Unf\u00e4llen auf Landstra\u00dfen wie der <strong>B 61<\/strong> oder den Landesstra\u00dfen rund um Kirchdorf (z. B. L 349 Richtung Sulingen und Barenburg) kommt es h\u00e4ufig zu schwereren Sch\u00e4den. Die Haftungsfrage ist dann oft umstritten:<\/p><ul><li><p>Hat jemand die zul\u00e4ssige H\u00f6chstgeschwindigkeit \u00fcberschritten?<\/p><\/li><li><p>Gab es einen Vorfahrtsversto\u00df beim Einbiegen aus einer Nebenstra\u00dfe?<\/p><\/li><li><p>Spielt die sogenannte <strong>Betriebsgefahr<\/strong> des Fahrzeugs eine Rolle?<\/p><\/li><\/ul><p>Ein spezialisierter Anwalt f\u00fcr Verkehrsrecht sorgt daf\u00fcr, dass<\/p><ul><li><p>der <strong>Unfallhergang sauber aufgearbeitet<\/strong> wird (Unfallskizzen, Fotos, Zeugen, Polizeiakte),<\/p><\/li><li><p>die <strong>Haftung gekl\u00e4rt<\/strong> wird (Verschulden, Betriebsgefahr, m\u00f6gliches Mitverschulden) und<\/p><\/li><li><p>Sie nicht vorschnell eine <strong>zu niedrige Abfindung<\/strong> der Versicherung akzeptieren.<\/p><\/li><\/ul><p>Mehr zu unseren Leistungen im Verkehrsrecht finden Sie auf unserer Wissensseite <strong>\u201e<\/strong><a href=\"https:\/\/so-anwaelte.de\/fa\/%d9%82%d8%a7%d9%86%d9%88%d9%86-%d8%b1%d8%a7%d9%87%d9%86%d9%85%d8%a7%db%8c%db%8c-%d9%88-%d8%b1%d8%a7%d9%86%d9%86%d8%af%da%af%db%8c\/\">\u0642\u0627\u0646\u0648\u0646 \u0631\u0627\u0647\u0646\u0645\u0627\u06cc\u06cc \u0648 \u0631\u0627\u0646\u0646\u062f\u06af\u06cc<\/a><strong>\u201c.<\/strong><\/p><p><img loading=\"lazy\" decoding=\"async\" class=\"size-medium wp-image-7121 aligncenter\" src=\"https:\/\/so-anwaelte.de\/wp-content\/uploads\/2025\/12\/Steveker__Odebrecht_realistic_scene_with_two_modern_cars_cras_7af0b111-7f47-4942-a131-1750703e2766_2-300x226.png\" alt=\"\" width=\"300\" height=\"226\" srcset=\"https:\/\/so-anwaelte.de\/wp-content\/uploads\/2025\/12\/Steveker__Odebrecht_realistic_scene_with_two_modern_cars_cras_7af0b111-7f47-4942-a131-1750703e2766_2-300x226.png 300w, https:\/\/so-anwaelte.de\/wp-content\/uploads\/2025\/12\/Steveker__Odebrecht_realistic_scene_with_two_modern_cars_cras_7af0b111-7f47-4942-a131-1750703e2766_2-1024x771.png 1024w, https:\/\/so-anwaelte.de\/wp-content\/uploads\/2025\/12\/Steveker__Odebrecht_realistic_scene_with_two_modern_cars_cras_7af0b111-7f47-4942-a131-1750703e2766_2-768x578.png 768w, https:\/\/so-anwaelte.de\/wp-content\/uploads\/2025\/12\/Steveker__Odebrecht_realistic_scene_with_two_modern_cars_cras_7af0b111-7f47-4942-a131-1750703e2766_2-16x12.png 16w, https:\/\/so-anwaelte.de\/wp-content\/uploads\/2025\/12\/Steveker__Odebrecht_realistic_scene_with_two_modern_cars_cras_7af0b111-7f47-4942-a131-1750703e2766_2-600x452.png 600w, https:\/\/so-anwaelte.de\/wp-content\/uploads\/2025\/12\/Steveker__Odebrecht_realistic_scene_with_two_modern_cars_cras_7af0b111-7f47-4942-a131-1750703e2766_2.png 1232w\" sizes=\"(max-width: 300px) 100vw, 300px\" \/><\/p><hr \/><h2>Typische Unfallorte: Kirchdorf und die Umgebung im Blick<\/h2><p>Kirchdorf liegt im <strong>\u0646\u0627\u062d\u06cc\u0647 \u062f\u06cc\u0641\u0648\u0644\u0632<\/strong> und geh\u00f6rt mit den Ortsteilen <strong>Kuppendorf\/Heerde<\/strong> \u0648 <strong>Scharringhausen<\/strong> zur Samtgemeinde Kirchdorf.<\/p><p>Viele Mandant:innen aus<\/p><ul><li><p>Kirchdorf,<\/p><\/li><li><p>Barenburg, Varrel und Wehrbleck,<\/p><\/li><li><p>den umliegenden D\u00f6rfern bis nach <a href=\"https:\/\/so-anwaelte.de\/fa\/%d9%82%d8%a7%d9%86%d9%88%d9%86-%d8%b1%d8%a7%d9%87%d9%86%d9%85%d8%a7%db%8c%db%8c-%d9%88-%d8%b1%d8%a7%d9%86%d9%86%d8%af%da%af%db%8c\/anwalt-verkehrsrecht-sulingen-unterstuetzung-nach-dem-verkehrsunfall\/\">\u0632\u0648\u0644\u06cc\u0646\u06af\u0646<\/a> und Wagenfeld<\/p><\/li><\/ul><p>sind auf den t\u00e4glichen Verkehr angewiesen \u2013 sei es f\u00fcr den Weg zur Arbeit, zur Schule oder f\u00fcr die Landwirtschaft.<\/p><p>Typische Konstellationen, bei denen wir regelm\u00e4\u00dfig unterst\u00fctzen:<\/p><ul><li><p><strong>Auffahrunf\u00e4lle und Abbiegeunf\u00e4lle<\/strong> auf der B 61 zwischen <a href=\"https:\/\/so-anwaelte.de\/fa\/%d9%82%d8%a7%d9%86%d9%88%d9%86-%d8%b1%d8%a7%d9%87%d9%86%d9%85%d8%a7%db%8c%db%8c-%d9%88-%d8%b1%d8%a7%d9%86%d9%86%d8%af%da%af%db%8c\/anwalt-verkehrsrecht-sulingen-unterstuetzung-nach-dem-verkehrsunfall\/\">\u0632\u0648\u0644\u06cc\u0646\u06af\u0646<\/a>, Kirchdorf und Diepholz<\/p><\/li><li><p><strong>Wildunf\u00e4lle<\/strong> und landwirtschaftlicher Verkehr auf den Kreis- und Landesstra\u00dfen<\/p><\/li><li><p><strong>Zusammenst\u00f6\u00dfe innerorts<\/strong>, etwa an Einm\u00fcndungen im Ortskern von Kirchdorf oder in Richtung Kuppendorf<\/p><\/li><\/ul><p>Gerade auf Landstra\u00dfen ist die Beweissicherung wichtig. Wir unterst\u00fctzen Sie dabei, fr\u00fchzeitig<\/p><ul><li><p>die <strong>Polizeiakte<\/strong> anzufordern,<\/p><\/li><li><p>bei Bedarf ein <strong>unabh\u00e4ngiges Sachverst\u00e4ndigengutachten<\/strong> einzuholen<\/p><\/li><li><p>und Zeugenangaben zu sichern.<\/p><\/li><\/ul><hr \/><h2>Welche Schadenspositionen k\u00f6nnen Sie nach einem Verkehrsunfall geltend machen?<\/h2><p>Viele Betroffene konzentrieren sich zun\u00e4chst nur auf die <strong>Reparaturkosten<\/strong>. Tats\u00e4chlich gibt es im deutschen Schadensrecht aber zahlreiche weitere Anspr\u00fcche, die wir f\u00fcr Sie pr\u00fcfen. Beispielhaft ist hier unser Fachbeitrag &#8222;<a href=\"https:\/\/so-anwaelte.de\/fa\/schmerzensgeld-nach-verkehrsunfall-grundlagen-beispiele-praktische-schritte\/\">\u062c\u0628\u0631\u0627\u0646 \u062e\u0633\u0627\u0631\u062a \u062f\u0631\u062f \u0648 \u0631\u0646\u062c \u067e\u0633 \u0627\u0632 \u062a\u0635\u0627\u062f\u0641 \u0631\u0627\u0646\u0646\u062f\u06af\u06cc: \u0645\u0628\u0627\u0646\u06cc\u060c \u0645\u062b\u0627\u0644\u200c\u0647\u0627\u060c \u0645\u0631\u0627\u062d\u0644 \u0639\u0645\u0644\u06cc<\/a>&#8220; zu nennen.<\/p><h3>Sachsch\u00e4den rund um Ihr Fahrzeug<\/h3><ul><li><p><strong>Reparaturkosten<\/strong> \u06cc\u0627 <strong>Wiederbeschaffungswert<\/strong> (bei wirtschaftlichem oder technischem Totalschaden)<\/p><\/li><li><p><strong>\u0627\u0633\u062a\u0647\u0644\u0627\u06a9<\/strong> (merkantiler Minderwert), wenn das Fahrzeug trotz Reparatur am Markt weniger wert ist<\/p><\/li><li><p><strong>Mietwagenkosten<\/strong> \u06cc\u0627<\/p><\/li><li><p><strong>Nutzungsausfallentsch\u00e4digung<\/strong>, wenn Sie kein Ersatzfahrzeug anmieten \u2013 ausf\u00fchrliche Hinweise dazu finden Sie in unserem Beitrag \u201e<a href=\"https:\/\/so-anwaelte.de\/fa\/nutzungsausfall-nach-verkehrsunfall-was-sie-wissen-sollten\/\">\u0627\u0632 \u062f\u0633\u062a \u062f\u0627\u062f\u0646 \u0627\u0633\u062a\u0641\u0627\u062f\u0647 \u067e\u0633 \u0627\u0632 \u062a\u0635\u0627\u062f\u0641 \u0631\u0627\u0646\u0646\u062f\u06af\u06cc: \u0622\u0646\u0686\u0647 \u0628\u0627\u06cc\u062f \u0628\u062f\u0627\u0646\u06cc\u062f<\/a>\u201c.<\/p><\/li><\/ul><h3>Personensch\u00e4den und Schmerzensgeld<\/h3><p>Bei Verletzungen \u2013 vom Schleudertrauma bis zu schwereren Verletzungen \u2013 kommen insbesondere in Betracht:<\/p><ul><li><p><strong>\u062c\u0628\u0631\u0627\u0646 \u062f\u0631\u062f \u0648 \u0631\u0646\u062c<\/strong><\/p><\/li><li><p><strong>Verdienstausfall<\/strong>, wenn Sie arbeitsunf\u00e4hig sind<\/p><\/li><li><p><strong>Haushaltsf\u00fchrungsschaden<\/strong>, wenn Sie Haushaltst\u00e4tigkeiten nur eingeschr\u00e4nkt aus\u00fcben k\u00f6nnen<\/p><\/li><li><p><strong>Fahrtkosten<\/strong> zu \u00c4rzt:innen und Therapien<\/p><\/li><\/ul><p>Wenn sich die Regulierung verz\u00f6gert und Ihr Fahrzeug l\u00e4nger steht, pr\u00fcfen wir zus\u00e4tzlich <strong>Standgeld- und weitere Nutzungsausfallanspr\u00fcche<\/strong> \u2013 dazu mehr in unserem Beitrag<br \/>\u201e<a href=\"https:\/\/so-anwaelte.de\/fa\/wenn-der-unfall-laenger-nachwirkt-anspruch-auf-standgeld-und-nutzungsausfall-trotz-verzoegerter-regulierung\/\">\u0627\u06af\u0631 \u062d\u0627\u062f\u062b\u0647 \u0627\u062b\u0631\u0627\u062a \u0645\u0627\u0646\u062f\u06af\u0627\u0631\u06cc \u062f\u0627\u0634\u062a\u0647 \u0628\u0627\u0634\u062f - \u062d\u0642 \u062f\u0631\u06cc\u0627\u0641\u062a \u0647\u0632\u06cc\u0646\u0647\u200c\u0647\u0627\u06cc \u0627\u0646\u0628\u0627\u0631\u062f\u0627\u0631\u06cc \u0648 \u0627\u0632 \u062f\u0633\u062a \u062f\u0627\u062f\u0646 \u0627\u0633\u062a\u0641\u0627\u062f\u0647 \u0639\u0644\u06cc\u0631\u063a\u0645 \u062a\u0623\u062e\u06cc\u0631 \u062f\u0631 \u062a\u0633\u0648\u06cc\u0647 \u062d\u0633\u0627\u0628<\/a>\u201c.<\/p><hr \/><h2>Ablauf der Unfallregulierung in Kirchdorf \u2013 so begleiten wir Sie<\/h2><p>Nach einem Unfall in Kirchdorf oder Umgebung \u00fcbernehmen wir f\u00fcr Sie die Kommunikation mit der gegnerischen Haftpflichtversicherung und \u2013 falls n\u00f6tig \u2013 mit Ihrer eigenen Kaskoversicherung. Typischer Ablauf:<\/p><ol><li><p><strong>Erstberatung und Sichtung der Unterlagen<\/strong><br \/>\u2013 Unfallbericht, Fotos, Schriftverkehr mit der Versicherung, \u00e4rztliche Unterlagen.<\/p><\/li><li><p><strong>Schadensaufnahme und Einschaltung eines Gutachters<\/strong><br \/>\u2013 Wir unterst\u00fctzen Sie dabei, einen <strong>unabh\u00e4ngigen Sachverst\u00e4ndigen<\/strong> einzuschalten, statt sich allein auf den Versicherer zu verlassen.<\/p><\/li><li><p><strong>Geltendmachung s\u00e4mtlicher Anspr\u00fcche<\/strong><br \/>\u2013 Wir fassen Ihre Anspr\u00fcche strukturiert zusammen (Sachschaden, Schmerzensgeld, Verdienstausfall, Nutzungsausfall etc.) und setzen Fristen.<\/p><\/li><li><p><strong>Verhandlung mit der Versicherung<\/strong><br \/>\u2013 Wir pr\u00fcfen K\u00fcrzungen und Abfindungsangebote kritisch und fordern fehlende Betr\u00e4ge nach.<\/p><\/li><li><p><strong>Gerichtliche Durchsetzung<\/strong><br \/>\u2013 Wenn keine einvernehmliche L\u00f6sung m\u00f6glich ist, vertreten wir Sie vor Gericht.<\/p><\/li><\/ol><hr \/><h2>Zust\u00e4ndige Gerichte: Amtsgericht Sulingen und Landgericht Verden<\/h2><p>Kommt es zu einem Gerichtsverfahren nach einem Verkehrsunfall in Kirchdorf, ist in Zivil- und vielen Verkehrssachen regelm\u00e4\u00dfig das <strong>Amtsgericht Sulingen<\/strong> zust\u00e4ndig. F\u00fcr h\u00f6here Streitwerte oder Berufungen ist das <strong>Landgericht Verden<\/strong> als n\u00e4chsth\u00f6here Instanz zust\u00e4ndig.<\/p><p>F\u00fcr Sie bedeutet das:<\/p><ul><li><p>Wir vertreten Sie sowohl <strong>au\u00dfergerichtlich<\/strong> gegen\u00fcber Versicherungen als auch<\/p><\/li><li><p><strong>gerichtlich<\/strong> vor den in Betracht kommenden Gerichten der Region.<\/p><\/li><\/ul><p>Dank der N\u00e4he unseres Standortes in <strong>\u0632\u0648\u0644\u06cc\u0646\u06af\u0646<\/strong> sind wir mit den \u00f6rtlichen Gegebenheiten im Landkreis Diepholz besonders vertraut \u2013 auch mit den Verkehrsverh\u00e4ltnissen zwischen Kirchdorf, Barenburg, Varrel, Wagenfeld und Sulingen.<\/p><p><img loading=\"lazy\" decoding=\"async\" class=\"size-medium wp-image-3878 aligncenter\" src=\"https:\/\/so-anwaelte.de\/wp-content\/uploads\/2025\/06\/ra_stev_89482_A_gavel_and_a_legal_document_symbolizing_a_court__f848f184-88e2-4469-880b-aee8a3664ba2-300x168.png\" alt=\"\" width=\"300\" height=\"168\" srcset=\"https:\/\/so-anwaelte.de\/wp-content\/uploads\/2025\/06\/ra_stev_89482_A_gavel_and_a_legal_document_symbolizing_a_court__f848f184-88e2-4469-880b-aee8a3664ba2-300x168.png 300w, https:\/\/so-anwaelte.de\/wp-content\/uploads\/2025\/06\/ra_stev_89482_A_gavel_and_a_legal_document_symbolizing_a_court__f848f184-88e2-4469-880b-aee8a3664ba2-1024x574.png 1024w, https:\/\/so-anwaelte.de\/wp-content\/uploads\/2025\/06\/ra_stev_89482_A_gavel_and_a_legal_document_symbolizing_a_court__f848f184-88e2-4469-880b-aee8a3664ba2-768x430.png 768w, https:\/\/so-anwaelte.de\/wp-content\/uploads\/2025\/06\/ra_stev_89482_A_gavel_and_a_legal_document_symbolizing_a_court__f848f184-88e2-4469-880b-aee8a3664ba2-600x336.png 600w, https:\/\/so-anwaelte.de\/wp-content\/uploads\/2025\/06\/ra_stev_89482_A_gavel_and_a_legal_document_symbolizing_a_court__f848f184-88e2-4469-880b-aee8a3664ba2.png 1456w\" sizes=\"(max-width: 300px) 100vw, 300px\" \/><\/p><hr \/><h2>Warum Steveker &amp; Odebrecht f\u00fcr Verkehrsrecht in Kirchdorf?<\/h2><ul><li><p><strong>Fokus auf Verkehrsrecht:<\/strong> Die Kanzlei ist seit vielen Jahren im Verkehrsrecht t\u00e4tig, insbesondere im Bereich der Unfall- und Schadensregulierung.<\/p><\/li><li><p><strong>Regionale N\u00e4he:<\/strong> Standort in Sulingen, regelm\u00e4\u00dfige Mandate aus Kirchdorf und dem gesamten Landkreis Diepholz.<\/p><\/li><li><p><strong>Klare Kommunikation:<\/strong> Wir erkl\u00e4ren Ihnen jeden Schritt verst\u00e4ndlich und halten Sie \u00fcber den Stand der Regulierung auf dem Laufenden.<\/p><\/li><li><p><strong>Konsequente Vertretung:<\/strong> Wir setzen Ihre Anspr\u00fcche strukturiert durch \u2013 von der ersten Meldung bis zur Zahlung oder gerichtlichen Entscheidung.<\/p><\/li><\/ul><hr \/><p><strong>Wenn Sie verkehrsrechtliche Unterst\u00fctzung oder weitere Informationen ben\u00f6tigen, stehen wir Ihnen gerne an unseren Standorten in <a href=\"https:\/\/so-anwaelte.de\/fa\/%d8%aa%d9%85%d8%a7%d8%b3\/\">Sulingen, Bremen, Osnabr\u00fcck oder online<\/a> \u0645\u0648\u062c\u0648\u062f \u0627\u0633\u062a.<\/strong><\/p><p>\u00a0<\/p><hr \/><p><img loading=\"lazy\" decoding=\"async\" class=\"size-medium wp-image-6518 aligncenter\" src=\"https:\/\/so-anwaelte.de\/wp-content\/uploads\/2025\/11\/ra_stev_89482_FAQ_Logo_color_green__grey__red_-ar_43_-profi_12a3345b-abc8-4c02-a10d-76ba852ebba9_0-300x226.png\" alt=\"\" width=\"300\" height=\"226\" srcset=\"https:\/\/so-anwaelte.de\/wp-content\/uploads\/2025\/11\/ra_stev_89482_FAQ_Logo_color_green__grey__red_-ar_43_-profi_12a3345b-abc8-4c02-a10d-76ba852ebba9_0-300x226.png 300w, https:\/\/so-anwaelte.de\/wp-content\/uploads\/2025\/11\/ra_stev_89482_FAQ_Logo_color_green__grey__red_-ar_43_-profi_12a3345b-abc8-4c02-a10d-76ba852ebba9_0-1024x771.png 1024w, https:\/\/so-anwaelte.de\/wp-content\/uploads\/2025\/11\/ra_stev_89482_FAQ_Logo_color_green__grey__red_-ar_43_-profi_12a3345b-abc8-4c02-a10d-76ba852ebba9_0-768x578.png 768w, https:\/\/so-anwaelte.de\/wp-content\/uploads\/2025\/11\/ra_stev_89482_FAQ_Logo_color_green__grey__red_-ar_43_-profi_12a3345b-abc8-4c02-a10d-76ba852ebba9_0-16x12.png 16w, https:\/\/so-anwaelte.de\/wp-content\/uploads\/2025\/11\/ra_stev_89482_FAQ_Logo_color_green__grey__red_-ar_43_-profi_12a3345b-abc8-4c02-a10d-76ba852ebba9_0-600x452.png 600w, https:\/\/so-anwaelte.de\/wp-content\/uploads\/2025\/11\/ra_stev_89482_FAQ_Logo_color_green__grey__red_-ar_43_-profi_12a3345b-abc8-4c02-a10d-76ba852ebba9_0.png 1232w\" sizes=\"(max-width: 300px) 100vw, 300px\" \/><\/p><h3 data-start=\"254\" data-end=\"347\"><strong data-start=\"258\" data-end=\"345\">1. Wann sollte ich nach einem Verkehrsunfall in Kirchdorf einen Anwalt einschalten?<\/strong><\/h3><p data-start=\"348\" data-end=\"549\">Sofort nach dem Unfall \u2013 insbesondere wenn Sie verletzt sind, die Haftungsfrage unklar ist oder die Versicherung k\u00fcrzen m\u00f6chte. Ein Anwalt stellt sicher, dass alle Anspr\u00fcche vollst\u00e4ndig erfasst werden.<\/p><h3 data-start=\"551\" data-end=\"630\"><strong data-start=\"555\" data-end=\"628\">2. Zahlt die gegnerische Haftpflichtversicherung meine Anwaltskosten?<\/strong><\/h3><p data-start=\"631\" data-end=\"800\">Ja, bei einem unverschuldeten Unfall tr\u00e4gt die gegnerische Haftpflichtversicherung regelm\u00e4\u00dfig Ihre Anwaltskosten. Bei Teilschuld erfolgt eine anteilige Kostenerstattung.<\/p><h3 data-start=\"802\" data-end=\"894\"><strong data-start=\"806\" data-end=\"892\">3. Brauche ich einen eigenen Gutachter oder reicht der Gutachter der Versicherung?<\/strong><\/h3><p data-start=\"895\" data-end=\"1088\">Sie haben grunds\u00e4tzlich das Recht, <strong data-start=\"930\" data-end=\"962\">einen unabh\u00e4ngigen Gutachter<\/strong> zu beauftragen. Der Gutachter der Versicherung arbeitet nicht f\u00fcr Sie, deshalb ist ein unabh\u00e4ngiges Gutachten meist sinnvoll.<\/p><h3 data-start=\"1090\" data-end=\"1163\"><strong data-start=\"1094\" data-end=\"1161\">4. Was tun, wenn die Versicherung nicht oder nur langsam zahlt?<\/strong><\/h3><p data-start=\"1164\" data-end=\"1349\">Wir setzen Fristen, fordern fehlende Unterlagen an und pr\u00fcfen Verz\u00f6gerungssch\u00e4den wie <strong data-start=\"1250\" data-end=\"1263\">Standgeld<\/strong> \u06cc\u0627 <strong data-start=\"1269\" data-end=\"1297\">weiteren Nutzungsausfall<\/strong>. Bei Bedarf setzen wir Anspr\u00fcche vor Gericht durch.<\/p><h3 data-start=\"1351\" data-end=\"1432\"><strong data-start=\"1355\" data-end=\"1430\">5. Welche Schadenspositionen kann ich nach einem Unfall geltend machen?<\/strong><\/h3><p data-start=\"1433\" data-end=\"1614\">Zu den wichtigsten geh\u00f6ren Reparaturkosten oder Wiederbeschaffungswert, Wertminderung, Mietwagen oder Nutzungsausfall, Schmerzensgeld, Haushaltsf\u00fchrungsschaden und Verdienstausfall.<\/p><h3 data-start=\"1616\" data-end=\"1712\"><strong data-start=\"1620\" data-end=\"1710\">6. Welches Gericht ist f\u00fcr Streitigkeiten aus Verkehrsunf\u00e4llen in Kirchdorf zust\u00e4ndig?<\/strong><\/h3><p data-start=\"1713\" data-end=\"1822\">Regelm\u00e4\u00dfig das <strong data-start=\"1728\" data-end=\"1752\">Amtsgericht Sulingen<\/strong>, bei h\u00f6heren Streitwerten oder Berufungen das <strong data-start=\"1799\" data-end=\"1821\">Landgericht Verden<\/strong>.<\/p>\t\t\t\t\t\t\t\t<\/div>\n\t\t\t\t<\/div>\n\t\t\t\t<\/div>\n\t\t<div class=\"elementor-element elementor-element-3f6019e6 e-con-full e-flex wpr-particle-no wpr-jarallax-no wpr-parallax-no wpr-sticky-section-no e-con e-child\" data-id=\"3f6019e6\" data-element_type=\"container\" data-e-type=\"container\">\n\t\t\t\t<div class=\"elementor-element elementor-element-41d68b8f elementor-align-center elementor-invisible elementor-widget elementor-widget-button\" data-id=\"41d68b8f\" data-element_type=\"widget\" data-e-type=\"widget\" data-settings=\"{&quot;_animation&quot;:&quot;fadeInUp&quot;}\" data-widget_type=\"button.default\">\n\t\t\t\t<div class=\"elementor-widget-container\">\n\t\t\t\t\t\t\t\t\t<div class=\"elementor-button-wrapper\">\n\t\t\t\t\t<a class=\"elementor-button elementor-button-link elementor-size-sm\" href=\"https:\/\/form.advobox.com\/steveker-odebrecht\/kontaktanfrage\/\" target=\"_blank\">\n\t\t\t\t\t\t<span class=\"elementor-button-content-wrapper\">\n\t\t\t\t\t\t\t\t\t<span class=\"elementor-button-text\">\u0628\u0627 \u0645\u0627 \u062a\u0645\u0627\u0633 \u0628\u06af\u06cc\u0631\u06cc\u062f!<\/span>\n\t\t\t\t\t<\/span>\n\t\t\t\t\t<\/a>\n\t\t\t\t<\/div>\n\t\t\t\t\t\t\t\t<\/div>\n\t\t\t\t<\/div>\n\t\t\t\t<div class=\"elementor-element elementor-element-1a011314 elementor-widget__width-initial elementor-widget-mobile__width-inherit elementor-widget-tablet__width-initial elementor-align-center elementor-icon-list--layout-traditional elementor-list-item-link-full_width elementor-widget elementor-widget-icon-list\" data-id=\"1a011314\" data-element_type=\"widget\" data-e-type=\"widget\" data-widget_type=\"icon-list.default\">\n\t\t\t\t<div class=\"elementor-widget-container\">\n\t\t\t\t\t\t\t<ul class=\"elementor-icon-list-items\">\n\t\t\t\t\t\t\t<li class=\"elementor-icon-list-item\">\n\t\t\t\t\t\t\t\t\t\t\t<span class=\"elementor-icon-list-icon\">\n\t\t\t\t\t\t\t<svg aria-hidden=\"true\" class=\"e-font-icon-svg e-fas-phone-alt\" viewbox=\"0 0 512 512\" xmlns=\"http:\/\/www.w3.org\/2000\/svg\"><path d=\"M497.39 361.8l-112-48a24 24 0 0 0-28 6.9l-49.6 60.6A370.66 370.66 0 0 1 130.6 204.11l60.6-49.6a23.94 23.94 0 0 0 6.9-28l-48-112A24.16 24.16 0 0 0 122.6.61l-104 24A24 24 0 0 0 0 48c0 256.5 207.9 464 464 464a24 24 0 0 0 23.4-18.6l24-104a24.29 24.29 0 0 0-14.01-27.6z\"><\/path><\/svg>\t\t\t\t\t\t<\/span>\n\t\t\t\t\t\t\t\t\t\t<span class=\"elementor-icon-list-text\"><a href=\"tel:+49 4271 8009292\">+49 4271 8009292<\/a><\/span>\n\t\t\t\t\t\t\t\t\t<\/li>\n\t\t\t\t\t\t<\/ul>\n\t\t\t\t\t\t<\/div>\n\t\t\t\t<\/div>\n\t\t\t\t<div class=\"elementor-element elementor-element-50607427 elementor-widget__width-initial elementor-widget-mobile__width-inherit elementor-widget-tablet__width-initial elementor-align-center elementor-icon-list--layout-traditional elementor-list-item-link-full_width elementor-widget elementor-widget-icon-list\" data-id=\"50607427\" data-element_type=\"widget\" data-e-type=\"widget\" data-widget_type=\"icon-list.default\">\n\t\t\t\t<div class=\"elementor-widget-container\">\n\t\t\t\t\t\t\t<ul class=\"elementor-icon-list-items\">\n\t\t\t\t\t\t\t<li class=\"elementor-icon-list-item\">\n\t\t\t\t\t\t\t\t\t\t\t<span class=\"elementor-icon-list-icon\">\n\t\t\t\t\t\t\t<svg aria-hidden=\"true\" class=\"e-font-icon-svg e-fas-phone-alt\" viewbox=\"0 0 512 512\" xmlns=\"http:\/\/www.w3.org\/2000\/svg\"><path d=\"M497.39 361.8l-112-48a24 24 0 0 0-28 6.9l-49.6 60.6A370.66 370.66 0 0 1 130.6 204.11l60.6-49.6a23.94 23.94 0 0 0 6.9-28l-48-112A24.16 24.16 0 0 0 122.6.61l-104 24A24 24 0 0 0 0 48c0 256.5 207.9 464 464 464a24 24 0 0 0 23.4-18.6l24-104a24.29 24.29 0 0 0-14.01-27.6z\"><\/path><\/svg>\t\t\t\t\t\t<\/span>\n\t\t\t\t\t\t\t\t\t\t<span class=\"elementor-icon-list-text\"><a href=\"tel:+49 421 3288220\">+49 421 3288220<\/a><\/span>\n\t\t\t\t\t\t\t\t\t<\/li>\n\t\t\t\t\t\t<\/ul>\n\t\t\t\t\t\t<\/div>\n\t\t\t\t<\/div>\n\t\t\t\t<div class=\"elementor-element elementor-element-3c17049e elementor-widget__width-initial elementor-widget-mobile__width-inherit elementor-widget-tablet__width-initial elementor-align-center elementor-icon-list--layout-traditional elementor-list-item-link-full_width elementor-widget elementor-widget-icon-list\" data-id=\"3c17049e\" data-element_type=\"widget\" data-e-type=\"widget\" data-widget_type=\"icon-list.default\">\n\t\t\t\t<div class=\"elementor-widget-container\">\n\t\t\t\t\t\t\t<ul class=\"elementor-icon-list-items\">\n\t\t\t\t\t\t\t<li class=\"elementor-icon-list-item\">\n\t\t\t\t\t\t\t\t\t\t\t<span class=\"elementor-icon-list-icon\">\n\t\t\t\t\t\t\t<svg aria-hidden=\"true\" class=\"e-font-icon-svg e-fas-phone-alt\" viewbox=\"0 0 512 512\" xmlns=\"http:\/\/www.w3.org\/2000\/svg\"><path d=\"M497.39 361.8l-112-48a24 24 0 0 0-28 6.9l-49.6 60.6A370.66 370.66 0 0 1 130.6 204.11l60.6-49.6a23.94 23.94 0 0 0 6.9-28l-48-112A24.16 24.16 0 0 0 122.6.61l-104 24A24 24 0 0 0 0 48c0 256.5 207.9 464 464 464a24 24 0 0 0 23.4-18.6l24-104a24.29 24.29 0 0 0-14.01-27.6z\"><\/path><\/svg>\t\t\t\t\t\t<\/span>\n\t\t\t\t\t\t\t\t\t\t<span class=\"elementor-icon-list-text\"><a href=\"tel:+49 541 93939049\">+49 541 93939049<\/a><\/span>\n\t\t\t\t\t\t\t\t\t<\/li>\n\t\t\t\t\t\t<\/ul>\n\t\t\t\t\t\t<\/div>\n\t\t\t\t<\/div>\n\t\t\t\t<\/div>\n\t\t\t\t<\/div>\n\t\t\t\t\t<\/div>\n\t\t\t\t<\/div>\n\t\t\t\t<\/div>","protected":false},"excerpt":{"rendered":"<p>Kontaktieren Sie uns! Kontaktieren Sie uns! +49 4271 8009292 Kim MirowRechtsanw\u00e4ltin Bj\u00f6rn StevekerRechtsanwalt Anwalt Verkehrsrecht Kirchdorf \u2013 Unterst\u00fctzung nach dem Verkehrsunfall Ein Moment der Unachtsamkeit auf der B 61 zwischen Sulingen und Diepholz, ein Auffahrunfall auf der L 349 bei Kirchdorf oder ein Zusammensto\u00df im Ortskern: Nach einem Verkehrsunfall stehen Sie schnell vor vielen Fragen. Wer haftet? Zahlt die gegnerische Haftpflichtversicherung wirklich \u201ealles\u201c? Und welche Anspr\u00fcche \u00fcbersehen Betroffene typischerweise? Die Kanzlei Steveker &amp; Odebrecht PartmbB mit Standorten u. a. in Sulingen unterst\u00fctzt Sie bei der vollst\u00e4ndigen Verkehrsunfallregulierung f\u00fcr Kirchdorf und die Samtgemeinde Kirchdorf \u2013 von der ersten Meldung an die Versicherung bis zur gerichtlichen Durchsetzung Ihrer Anspr\u00fcche. Nach dem Unfall in Kirchdorf: Warum ein Anwalt f\u00fcr Verkehrsrecht wichtig ist Gerade nach Unf\u00e4llen auf Landstra\u00dfen wie der B 61 oder den Landesstra\u00dfen rund um Kirchdorf (z. B. L 349 Richtung Sulingen und Barenburg) kommt es h\u00e4ufig zu schwereren Sch\u00e4den. Die Haftungsfrage ist dann oft umstritten: Hat jemand die zul\u00e4ssige H\u00f6chstgeschwindigkeit \u00fcberschritten? Gab es einen Vorfahrtsversto\u00df beim Einbiegen aus einer Nebenstra\u00dfe? Spielt die sogenannte Betriebsgefahr des Fahrzeugs eine Rolle? Ein spezialisierter Anwalt f\u00fcr Verkehrsrecht sorgt daf\u00fcr, dass der Unfallhergang sauber aufgearbeitet wird (Unfallskizzen, Fotos, Zeugen, Polizeiakte), die Haftung gekl\u00e4rt wird (Verschulden, Betriebsgefahr, m\u00f6gliches Mitverschulden) und Sie nicht vorschnell eine zu niedrige Abfindung der Versicherung akzeptieren. Mehr zu unseren Leistungen im Verkehrsrecht finden Sie auf unserer Wissensseite \u201eVerkehrsrecht\u201c. Typische Unfallorte: Kirchdorf und die Umgebung im Blick Kirchdorf liegt im Landkreis Diepholz und geh\u00f6rt mit den Ortsteilen Kuppendorf\/Heerde und Scharringhausen zur Samtgemeinde Kirchdorf. Viele Mandant:innen aus Kirchdorf, Barenburg, Varrel und Wehrbleck, den umliegenden D\u00f6rfern bis nach Sulingen und Wagenfeld sind auf den t\u00e4glichen Verkehr angewiesen \u2013 sei es f\u00fcr den Weg zur Arbeit, zur Schule oder f\u00fcr die Landwirtschaft. Typische Konstellationen, bei denen wir regelm\u00e4\u00dfig unterst\u00fctzen: Auffahrunf\u00e4lle und Abbiegeunf\u00e4lle auf der B 61 zwischen Sulingen, Kirchdorf und Diepholz Wildunf\u00e4lle und landwirtschaftlicher Verkehr auf den Kreis- und Landesstra\u00dfen Zusammenst\u00f6\u00dfe innerorts, etwa an Einm\u00fcndungen im Ortskern von Kirchdorf oder in Richtung Kuppendorf Gerade auf Landstra\u00dfen ist die Beweissicherung wichtig. Wir unterst\u00fctzen Sie dabei, fr\u00fchzeitig die Polizeiakte anzufordern, bei Bedarf ein unabh\u00e4ngiges Sachverst\u00e4ndigengutachten einzuholen und Zeugenangaben zu sichern. Welche Schadenspositionen k\u00f6nnen Sie nach einem Verkehrsunfall geltend machen? Viele Betroffene konzentrieren sich zun\u00e4chst nur auf die Reparaturkosten. Tats\u00e4chlich gibt es im deutschen Schadensrecht aber zahlreiche weitere Anspr\u00fcche, die wir f\u00fcr Sie pr\u00fcfen. Beispielhaft ist hier unser Fachbeitrag &#8222;Schmerzensgeld nach Verkehrsunfall: Grundlagen, Beispiele, praktische Schritte&#8220; zu nennen. Sachsch\u00e4den rund um Ihr Fahrzeug Reparaturkosten oder Wiederbeschaffungswert (bei wirtschaftlichem oder technischem Totalschaden) Wertminderung (merkantiler Minderwert), wenn das Fahrzeug trotz Reparatur am Markt weniger wert ist Mietwagenkosten oder Nutzungsausfallentsch\u00e4digung, wenn Sie kein Ersatzfahrzeug anmieten \u2013 ausf\u00fchrliche Hinweise dazu finden Sie in unserem Beitrag \u201eNutzungsausfall nach Verkehrsunfall: Was Sie wissen sollten\u201c. Personensch\u00e4den und Schmerzensgeld Bei Verletzungen \u2013 vom Schleudertrauma bis zu schwereren Verletzungen \u2013 kommen insbesondere in Betracht: Schmerzensgeld Verdienstausfall, wenn Sie arbeitsunf\u00e4hig sind Haushaltsf\u00fchrungsschaden, wenn Sie Haushaltst\u00e4tigkeiten nur eingeschr\u00e4nkt aus\u00fcben k\u00f6nnen Fahrtkosten zu \u00c4rzt:innen und Therapien Wenn sich die Regulierung verz\u00f6gert und Ihr Fahrzeug l\u00e4nger steht, pr\u00fcfen wir zus\u00e4tzlich Standgeld- und weitere Nutzungsausfallanspr\u00fcche \u2013 dazu mehr in unserem Beitrag\u201eWenn der Unfall l\u00e4nger nachwirkt \u2013 Anspruch auf Standgeld und Nutzungsausfall trotz verz\u00f6gerter Regulierung\u201c. Ablauf der Unfallregulierung in Kirchdorf \u2013 so begleiten wir Sie Nach einem Unfall in Kirchdorf oder Umgebung \u00fcbernehmen wir f\u00fcr Sie die Kommunikation mit der gegnerischen Haftpflichtversicherung und \u2013 falls n\u00f6tig \u2013 mit Ihrer eigenen Kaskoversicherung. Typischer Ablauf: Erstberatung und Sichtung der Unterlagen\u2013 Unfallbericht, Fotos, Schriftverkehr mit der Versicherung, \u00e4rztliche Unterlagen. Schadensaufnahme und Einschaltung eines Gutachters\u2013 Wir unterst\u00fctzen Sie dabei, einen unabh\u00e4ngigen Sachverst\u00e4ndigen einzuschalten, statt sich allein auf den Versicherer zu verlassen. Geltendmachung s\u00e4mtlicher Anspr\u00fcche\u2013 Wir fassen Ihre Anspr\u00fcche strukturiert zusammen (Sachschaden, Schmerzensgeld, Verdienstausfall, Nutzungsausfall etc.) und setzen Fristen. Verhandlung mit der Versicherung\u2013 Wir pr\u00fcfen K\u00fcrzungen und Abfindungsangebote kritisch und fordern fehlende Betr\u00e4ge nach. Gerichtliche Durchsetzung\u2013 Wenn keine einvernehmliche L\u00f6sung m\u00f6glich ist, vertreten wir Sie vor Gericht. Zust\u00e4ndige Gerichte: Amtsgericht Sulingen und Landgericht Verden Kommt es zu einem Gerichtsverfahren nach einem Verkehrsunfall in Kirchdorf, ist in Zivil- und vielen Verkehrssachen regelm\u00e4\u00dfig das Amtsgericht Sulingen zust\u00e4ndig. F\u00fcr h\u00f6here Streitwerte oder Berufungen ist das Landgericht Verden als n\u00e4chsth\u00f6here Instanz zust\u00e4ndig. F\u00fcr Sie bedeutet das: Wir vertreten Sie sowohl au\u00dfergerichtlich gegen\u00fcber Versicherungen als auch gerichtlich vor den in Betracht kommenden Gerichten der Region. Dank der N\u00e4he unseres Standortes in Sulingen sind wir mit den \u00f6rtlichen Gegebenheiten im Landkreis Diepholz besonders vertraut \u2013 auch mit den Verkehrsverh\u00e4ltnissen zwischen Kirchdorf, Barenburg, Varrel, Wagenfeld und Sulingen. Warum Steveker &amp; Odebrecht f\u00fcr Verkehrsrecht in Kirchdorf? Fokus auf Verkehrsrecht: Die Kanzlei ist seit vielen Jahren im Verkehrsrecht t\u00e4tig, insbesondere im Bereich der Unfall- und Schadensregulierung. Regionale N\u00e4he: Standort in Sulingen, regelm\u00e4\u00dfige Mandate aus Kirchdorf und dem gesamten Landkreis Diepholz. Klare Kommunikation: Wir erkl\u00e4ren Ihnen jeden Schritt verst\u00e4ndlich und halten Sie \u00fcber den Stand der Regulierung auf dem Laufenden. Konsequente Vertretung: Wir setzen Ihre Anspr\u00fcche strukturiert durch \u2013 von der ersten Meldung bis zur Zahlung oder gerichtlichen Entscheidung. Wenn Sie verkehrsrechtliche Unterst\u00fctzung oder weitere Informationen ben\u00f6tigen, stehen wir Ihnen gerne an unseren Standorten in Sulingen, Bremen, Osnabr\u00fcck oder online zur Verf\u00fcgung. \u00a0 1. Wann sollte ich nach einem Verkehrsunfall in Kirchdorf einen Anwalt einschalten? Sofort nach dem Unfall \u2013 insbesondere wenn Sie verletzt sind, die Haftungsfrage unklar ist oder die Versicherung k\u00fcrzen m\u00f6chte. Ein Anwalt stellt sicher, dass alle Anspr\u00fcche vollst\u00e4ndig erfasst werden. 2. Zahlt die gegnerische Haftpflichtversicherung meine Anwaltskosten? Ja, bei einem unverschuldeten Unfall tr\u00e4gt die gegnerische Haftpflichtversicherung regelm\u00e4\u00dfig Ihre Anwaltskosten. Bei Teilschuld erfolgt eine anteilige Kostenerstattung. 3. Brauche ich einen eigenen Gutachter oder reicht der Gutachter der Versicherung? Sie haben grunds\u00e4tzlich das Recht, einen unabh\u00e4ngigen Gutachter zu beauftragen. Der Gutachter der Versicherung arbeitet nicht f\u00fcr Sie, deshalb ist ein unabh\u00e4ngiges Gutachten meist sinnvoll. 4. Was tun, wenn die Versicherung nicht oder nur langsam zahlt? Wir setzen Fristen, fordern fehlende Unterlagen an und pr\u00fcfen Verz\u00f6gerungssch\u00e4den wie Standgeld oder weiteren Nutzungsausfall. Bei Bedarf setzen wir Anspr\u00fcche vor Gericht durch. 5. Welche Schadenspositionen kann ich nach einem Unfall geltend machen? Zu den wichtigsten geh\u00f6ren Reparaturkosten oder Wiederbeschaffungswert, Wertminderung, Mietwagen oder Nutzungsausfall, Schmerzensgeld, Haushaltsf\u00fchrungsschaden und Verdienstausfall. 6. Welches Gericht ist<\/p>","protected":false},"author":6,"featured_media":7121,"parent":184,"menu_order":0,"comment_status":"closed","ping_status":"closed","template":"","meta":{"_yoast_wpseo_focuskw":"Anwalt Verkehrsrecht Kirchdorf","_yoast_wpseo_title":"Anwalt Verkehrsrecht Kirchdorf \u2013 Unfallregulierung & Hilfe","_yoast_wpseo_metadesc":"Ihr Anwalt f\u00fcr Verkehrsrecht in Kirchdorf: kompetente Hilfe nach dem Verkehrsunfall, klare Unterst\u00fctzung und regionale Erfahrung.","_yoast_wpseo_meta-robots-noindex":"","_yoast_wpseo_canonical":"","so_intro":"","so_s1":"","so_s2":"","so_s3":"","so_s4":"","so_faq":"","so_city":"","so_region":"","so_ag":"","so_lag":"","so_branches":"","two_page_speed":[],"footnotes":""},"class_list":["post-7096","page","type-page","status-publish","has-post-thumbnail","hentry"],"yoast_head":"<!-- This site is optimized with the Yoast SEO Premium plugin v27.1 (Yoast SEO v27.4) - https:\/\/yoast.com\/product\/yoast-seo-premium-wordpress\/ -->\n<title>Anwalt Verkehrsrecht Kirchdorf \u2013 Unfallregulierung &amp; Hilfe<\/title>\n<meta name=\"description\" content=\"Ihr Anwalt f\u00fcr Verkehrsrecht in Kirchdorf: kompetente Hilfe nach dem Verkehrsunfall, klare Unterst\u00fctzung und regionale Erfahrung.\" \/>\n<meta name=\"robots\" content=\"index, follow, max-snippet:-1, max-image-preview:large, max-video-preview:-1\" \/>\n<link rel=\"canonical\" href=\"https:\/\/so-anwaelte.de\/fa\/\u0642\u0627\u0646\u0648\u0646-\u0631\u0627\u0647\u0646\u0645\u0627\u06cc\u06cc-\u0648-\u0631\u0627\u0646\u0646\u062f\u06af\u06cc\/anwalt-verkehrsrecht-kirchdorf-unterstuetzung-nach-dem-verkehrsunfall\/\" \/>\n<meta property=\"og:locale\" content=\"fa_IR\" \/>\n<meta property=\"og:type\" content=\"article\" \/>\n<meta property=\"og:title\" content=\"Anwalt Verkehrsrecht Kirchdorf \u2013 Unterst\u00fctzung nach dem Verkehrsunfall\" \/>\n<meta property=\"og:description\" content=\"Ihr Anwalt f\u00fcr Verkehrsrecht in Kirchdorf: kompetente Hilfe nach dem Verkehrsunfall, klare Unterst\u00fctzung und regionale Erfahrung.\" \/>\n<meta property=\"og:url\" content=\"https:\/\/so-anwaelte.de\/fa\/\u0642\u0627\u0646\u0648\u0646-\u0631\u0627\u0647\u0646\u0645\u0627\u06cc\u06cc-\u0648-\u0631\u0627\u0646\u0646\u062f\u06af\u06cc\/anwalt-verkehrsrecht-kirchdorf-unterstuetzung-nach-dem-verkehrsunfall\/\" \/>\n<meta property=\"og:site_name\" content=\"Steveker &amp; Odebrecht - Anwaltskanzlei\" \/>\n<meta property=\"article:modified_time\" content=\"2025-12-08T11:50:59+00:00\" \/>\n<meta property=\"og:image\" content=\"https:\/\/so-anwaelte.de\/wp-content\/uploads\/2025\/12\/Steveker__Odebrecht_realistic_scene_with_two_modern_cars_cras_7af0b111-7f47-4942-a131-1750703e2766_2.png\" \/>\n\t<meta property=\"og:image:width\" content=\"1232\" \/>\n\t<meta property=\"og:image:height\" content=\"928\" \/>\n\t<meta property=\"og:image:type\" content=\"image\/png\" \/>\n<meta name=\"twitter:card\" content=\"summary_large_image\" \/>\n<meta name=\"twitter:label1\" content=\"\u0632\u0645\u0627\u0646 \u062a\u0642\u0631\u06cc\u0628\u06cc \u0628\u0631\u0627\u06cc \u062e\u0648\u0627\u0646\u062f\u0646\" \/>\n\t<meta name=\"twitter:data1\" content=\"50 \u062f\u0642\u06cc\u0642\u0647\" \/>\n<script type=\"application\/ld+json\" class=\"yoast-schema-graph\">{\"@context\":\"https:\\\/\\\/schema.org\",\"@graph\":[{\"@type\":\"WebPage\",\"@id\":\"https:\\\/\\\/so-anwaelte.de\\\/verkehrsrecht\\\/anwalt-verkehrsrecht-kirchdorf-unterstuetzung-nach-dem-verkehrsunfall\\\/\",\"url\":\"https:\\\/\\\/so-anwaelte.de\\\/verkehrsrecht\\\/anwalt-verkehrsrecht-kirchdorf-unterstuetzung-nach-dem-verkehrsunfall\\\/\",\"name\":\"Anwalt Verkehrsrecht Kirchdorf \u2013 Unfallregulierung & Hilfe\",\"isPartOf\":{\"@id\":\"https:\\\/\\\/so-anwaelte.de\\\/#website\"},\"primaryImageOfPage\":{\"@id\":\"https:\\\/\\\/so-anwaelte.de\\\/verkehrsrecht\\\/anwalt-verkehrsrecht-kirchdorf-unterstuetzung-nach-dem-verkehrsunfall\\\/#primaryimage\"},\"image\":{\"@id\":\"https:\\\/\\\/so-anwaelte.de\\\/verkehrsrecht\\\/anwalt-verkehrsrecht-kirchdorf-unterstuetzung-nach-dem-verkehrsunfall\\\/#primaryimage\"},\"thumbnailUrl\":\"https:\\\/\\\/so-anwaelte.de\\\/wp-content\\\/uploads\\\/2025\\\/12\\\/Steveker__Odebrecht_realistic_scene_with_two_modern_cars_cras_7af0b111-7f47-4942-a131-1750703e2766_2.png\",\"datePublished\":\"2025-12-08T11:50:56+00:00\",\"dateModified\":\"2025-12-08T11:50:59+00:00\",\"description\":\"Ihr Anwalt f\u00fcr Verkehrsrecht in Kirchdorf: kompetente Hilfe nach dem Verkehrsunfall, klare Unterst\u00fctzung und regionale Erfahrung.\",\"breadcrumb\":{\"@id\":\"https:\\\/\\\/so-anwaelte.de\\\/verkehrsrecht\\\/anwalt-verkehrsrecht-kirchdorf-unterstuetzung-nach-dem-verkehrsunfall\\\/#breadcrumb\"},\"inLanguage\":\"fa-IR\",\"potentialAction\":[{\"@type\":\"ReadAction\",\"target\":[\"https:\\\/\\\/so-anwaelte.de\\\/verkehrsrecht\\\/anwalt-verkehrsrecht-kirchdorf-unterstuetzung-nach-dem-verkehrsunfall\\\/\"]}]},{\"@type\":\"ImageObject\",\"inLanguage\":\"fa-IR\",\"@id\":\"https:\\\/\\\/so-anwaelte.de\\\/verkehrsrecht\\\/anwalt-verkehrsrecht-kirchdorf-unterstuetzung-nach-dem-verkehrsunfall\\\/#primaryimage\",\"url\":\"https:\\\/\\\/so-anwaelte.de\\\/wp-content\\\/uploads\\\/2025\\\/12\\\/Steveker__Odebrecht_realistic_scene_with_two_modern_cars_cras_7af0b111-7f47-4942-a131-1750703e2766_2.png\",\"contentUrl\":\"https:\\\/\\\/so-anwaelte.de\\\/wp-content\\\/uploads\\\/2025\\\/12\\\/Steveker__Odebrecht_realistic_scene_with_two_modern_cars_cras_7af0b111-7f47-4942-a131-1750703e2766_2.png\",\"width\":1232,\"height\":928},{\"@type\":\"BreadcrumbList\",\"@id\":\"https:\\\/\\\/so-anwaelte.de\\\/verkehrsrecht\\\/anwalt-verkehrsrecht-kirchdorf-unterstuetzung-nach-dem-verkehrsunfall\\\/#breadcrumb\",\"itemListElement\":[{\"@type\":\"ListItem\",\"position\":1,\"name\":\"Home\",\"item\":\"https:\\\/\\\/so-anwaelte.de\\\/\"},{\"@type\":\"ListItem\",\"position\":2,\"name\":\"Verkehrsrecht\",\"item\":\"https:\\\/\\\/so-anwaelte.de\\\/verkehrsrecht\\\/\"},{\"@type\":\"ListItem\",\"position\":3,\"name\":\"Anwalt Verkehrsrecht Kirchdorf \u2013 Unterst\u00fctzung nach dem Verkehrsunfall\"}]},{\"@type\":\"WebSite\",\"@id\":\"https:\\\/\\\/so-anwaelte.de\\\/#website\",\"url\":\"https:\\\/\\\/so-anwaelte.de\\\/\",\"name\":\"Steveker & Odebrecht - Anwaltskanzlei\",\"description\":\"\",\"publisher\":{\"@id\":\"https:\\\/\\\/so-anwaelte.de\\\/#organization\"},\"potentialAction\":[{\"@type\":\"SearchAction\",\"target\":{\"@type\":\"EntryPoint\",\"urlTemplate\":\"https:\\\/\\\/so-anwaelte.de\\\/?s={search_term_string}\"},\"query-input\":{\"@type\":\"PropertyValueSpecification\",\"valueRequired\":true,\"valueName\":\"search_term_string\"}}],\"inLanguage\":\"fa-IR\"},{\"@type\":[\"Organization\",\"Place\",\"Attorney\"],\"@id\":\"https:\\\/\\\/so-anwaelte.de\\\/#organization\",\"name\":\"Steveker & Odebrecht PartmbB\",\"url\":\"https:\\\/\\\/so-anwaelte.de\\\/\",\"logo\":{\"@type\":\"ImageObject\",\"inLanguage\":\"fa-IR\",\"@id\":\"https:\\\/\\\/so-anwaelte.de\\\/#\\\/schema\\\/logo\\\/image\\\/\",\"url\":\"https:\\\/\\\/so-anwaelte.de\\\/wp-content\\\/uploads\\\/2025\\\/04\\\/customcolor_logo_transparent_background-scaled.png\",\"contentUrl\":\"https:\\\/\\\/so-anwaelte.de\\\/wp-content\\\/uploads\\\/2025\\\/04\\\/customcolor_logo_transparent_background-scaled.png\",\"width\":2560,\"height\":1536,\"caption\":\"Steveker & Odebrecht PartmbB\"},\"image\":{\"@id\":\"https:\\\/\\\/so-anwaelte.de\\\/#\\\/schema\\\/logo\\\/image\\\/\"},\"legalName\":\"Steveker & Odebrecht PartmbB\",\"foundingDate\":\"2025-07-01\",\"numberOfEmployees\":{\"@type\":\"QuantitativeValue\",\"minValue\":\"11\",\"maxValue\":\"50\"},\"telephone\":[],\"vatID\":\"DE454806485\"}]}<\/script>\n<!-- \/ Yoast SEO Premium plugin. -->","yoast_head_json":{"title":"Anwalt Verkehrsrecht Kirchdorf \u2013 Unfallregulierung & Hilfe","description":"Ihr Anwalt f\u00fcr Verkehrsrecht in Kirchdorf: kompetente Hilfe nach dem Verkehrsunfall, klare Unterst\u00fctzung und regionale Erfahrung.","robots":{"index":"index","follow":"follow","max-snippet":"max-snippet:-1","max-image-preview":"max-image-preview:large","max-video-preview":"max-video-preview:-1"},"canonical":"https:\/\/so-anwaelte.de\/fa\/\u0642\u0627\u0646\u0648\u0646-\u0631\u0627\u0647\u0646\u0645\u0627\u06cc\u06cc-\u0648-\u0631\u0627\u0646\u0646\u062f\u06af\u06cc\/anwalt-verkehrsrecht-kirchdorf-unterstuetzung-nach-dem-verkehrsunfall\/","og_locale":"fa_IR","og_type":"article","og_title":"Anwalt Verkehrsrecht Kirchdorf \u2013 Unterst\u00fctzung nach dem Verkehrsunfall","og_description":"Ihr Anwalt f\u00fcr Verkehrsrecht in Kirchdorf: kompetente Hilfe nach dem Verkehrsunfall, klare Unterst\u00fctzung und regionale Erfahrung.","og_url":"https:\/\/so-anwaelte.de\/fa\/\u0642\u0627\u0646\u0648\u0646-\u0631\u0627\u0647\u0646\u0645\u0627\u06cc\u06cc-\u0648-\u0631\u0627\u0646\u0646\u062f\u06af\u06cc\/anwalt-verkehrsrecht-kirchdorf-unterstuetzung-nach-dem-verkehrsunfall\/","og_site_name":"Steveker &amp; Odebrecht - Anwaltskanzlei","article_modified_time":"2025-12-08T11:50:59+00:00","og_image":[{"width":1232,"height":928,"url":"https:\/\/so-anwaelte.de\/wp-content\/uploads\/2025\/12\/Steveker__Odebrecht_realistic_scene_with_two_modern_cars_cras_7af0b111-7f47-4942-a131-1750703e2766_2.png","type":"image\/png"}],"twitter_card":"summary_large_image","twitter_misc":{"\u0632\u0645\u0627\u0646 \u062a\u0642\u0631\u06cc\u0628\u06cc \u0628\u0631\u0627\u06cc \u062e\u0648\u0627\u0646\u062f\u0646":"50 \u062f\u0642\u06cc\u0642\u0647"},"schema":{"@context":"https:\/\/schema.org","@graph":[{"@type":"WebPage","@id":"https:\/\/so-anwaelte.de\/verkehrsrecht\/anwalt-verkehrsrecht-kirchdorf-unterstuetzung-nach-dem-verkehrsunfall\/","url":"https:\/\/so-anwaelte.de\/verkehrsrecht\/anwalt-verkehrsrecht-kirchdorf-unterstuetzung-nach-dem-verkehrsunfall\/","name":"Anwalt Verkehrsrecht Kirchdorf \u2013 Unfallregulierung & Hilfe","isPartOf":{"@id":"https:\/\/so-anwaelte.de\/#website"},"primaryImageOfPage":{"@id":"https:\/\/so-anwaelte.de\/verkehrsrecht\/anwalt-verkehrsrecht-kirchdorf-unterstuetzung-nach-dem-verkehrsunfall\/#primaryimage"},"image":{"@id":"https:\/\/so-anwaelte.de\/verkehrsrecht\/anwalt-verkehrsrecht-kirchdorf-unterstuetzung-nach-dem-verkehrsunfall\/#primaryimage"},"thumbnailUrl":"https:\/\/so-anwaelte.de\/wp-content\/uploads\/2025\/12\/Steveker__Odebrecht_realistic_scene_with_two_modern_cars_cras_7af0b111-7f47-4942-a131-1750703e2766_2.png","datePublished":"2025-12-08T11:50:56+00:00","dateModified":"2025-12-08T11:50:59+00:00","description":"Ihr Anwalt f\u00fcr Verkehrsrecht in Kirchdorf: kompetente Hilfe nach dem Verkehrsunfall, klare Unterst\u00fctzung und regionale Erfahrung.","breadcrumb":{"@id":"https:\/\/so-anwaelte.de\/verkehrsrecht\/anwalt-verkehrsrecht-kirchdorf-unterstuetzung-nach-dem-verkehrsunfall\/#breadcrumb"},"inLanguage":"fa-IR","potentialAction":[{"@type":"ReadAction","target":["https:\/\/so-anwaelte.de\/verkehrsrecht\/anwalt-verkehrsrecht-kirchdorf-unterstuetzung-nach-dem-verkehrsunfall\/"]}]},{"@type":"ImageObject","inLanguage":"fa-IR","@id":"https:\/\/so-anwaelte.de\/verkehrsrecht\/anwalt-verkehrsrecht-kirchdorf-unterstuetzung-nach-dem-verkehrsunfall\/#primaryimage","url":"https:\/\/so-anwaelte.de\/wp-content\/uploads\/2025\/12\/Steveker__Odebrecht_realistic_scene_with_two_modern_cars_cras_7af0b111-7f47-4942-a131-1750703e2766_2.png","contentUrl":"https:\/\/so-anwaelte.de\/wp-content\/uploads\/2025\/12\/Steveker__Odebrecht_realistic_scene_with_two_modern_cars_cras_7af0b111-7f47-4942-a131-1750703e2766_2.png","width":1232,"height":928},{"@type":"BreadcrumbList","@id":"https:\/\/so-anwaelte.de\/verkehrsrecht\/anwalt-verkehrsrecht-kirchdorf-unterstuetzung-nach-dem-verkehrsunfall\/#breadcrumb","itemListElement":[{"@type":"ListItem","position":1,"name":"Home","item":"https:\/\/so-anwaelte.de\/"},{"@type":"ListItem","position":2,"name":"Verkehrsrecht","item":"https:\/\/so-anwaelte.de\/verkehrsrecht\/"},{"@type":"ListItem","position":3,"name":"Anwalt Verkehrsrecht Kirchdorf \u2013 Unterst\u00fctzung nach dem Verkehrsunfall"}]},{"@type":"WebSite","@id":"https:\/\/so-anwaelte.de\/#website","url":"https:\/\/so-anwaelte.de\/","name":"Steveker &amp; Odebrecht - \u0645\u0648\u0633\u0633\u0647 \u062d\u0642\u0648\u0642\u06cc","description":"","publisher":{"@id":"https:\/\/so-anwaelte.de\/#organization"},"potentialAction":[{"@type":"SearchAction","target":{"@type":"EntryPoint","urlTemplate":"https:\/\/so-anwaelte.de\/?s={search_term_string}"},"query-input":{"@type":"PropertyValueSpecification","valueRequired":true,"valueName":"search_term_string"}}],"inLanguage":"fa-IR"},{"@type":["Organization","Place","Attorney"],"@id":"https:\/\/so-anwaelte.de\/#organization","name":"Steveker & Odebrecht PartmbB","url":"https:\/\/so-anwaelte.de\/","logo":{"@type":"ImageObject","inLanguage":"fa-IR","@id":"https:\/\/so-anwaelte.de\/#\/schema\/logo\/image\/","url":"https:\/\/so-anwaelte.de\/wp-content\/uploads\/2025\/04\/customcolor_logo_transparent_background-scaled.png","contentUrl":"https:\/\/so-anwaelte.de\/wp-content\/uploads\/2025\/04\/customcolor_logo_transparent_background-scaled.png","width":2560,"height":1536,"caption":"Steveker & Odebrecht PartmbB"},"image":{"@id":"https:\/\/so-anwaelte.de\/#\/schema\/logo\/image\/"},"legalName":"Steveker & Odebrecht PartmbB","foundingDate":"2025-07-01","numberOfEmployees":{"@type":"QuantitativeValue","minValue":"11","maxValue":"50"},"telephone":[],"vatID":"DE454806485"}]}},"_links":{"self":[{"href":"https:\/\/so-anwaelte.de\/fa\/wp-json\/wp\/v2\/pages\/7096","targetHints":{"allow":["GET"]}}],"collection":[{"href":"https:\/\/so-anwaelte.de\/fa\/wp-json\/wp\/v2\/pages"}],"about":[{"href":"https:\/\/so-anwaelte.de\/fa\/wp-json\/wp\/v2\/types\/page"}],"author":[{"embeddable":true,"href":"https:\/\/so-anwaelte.de\/fa\/wp-json\/wp\/v2\/users\/6"}],"replies":[{"embeddable":true,"href":"https:\/\/so-anwaelte.de\/fa\/wp-json\/wp\/v2\/comments?post=7096"}],"version-history":[{"count":0,"href":"https:\/\/so-anwaelte.de\/fa\/wp-json\/wp\/v2\/pages\/7096\/revisions"}],"up":[{"embeddable":true,"href":"https:\/\/so-anwaelte.de\/fa\/wp-json\/wp\/v2\/pages\/184"}],"wp:featuredmedia":[{"embeddable":true,"href":"https:\/\/so-anwaelte.de\/fa\/wp-json\/wp\/v2\/media\/7121"}],"wp:attachment":[{"href":"https:\/\/so-anwaelte.de\/fa\/wp-json\/wp\/v2\/media?parent=7096"}],"curies":[{"name":"wp","href":"https:\/\/api.w.org\/{rel}","templated":true}]}}